{"id":1446,"date":"2023-07-30T15:48:34","date_gmt":"2023-07-30T15:48:34","guid":{"rendered":"https:\/\/belgianmidwivesassociation.be\/project\/katelijne-de-koster\/"},"modified":"2023-09-07T19:51:50","modified_gmt":"2023-09-07T19:51:50","slug":"katelijne-de-koster","status":"publish","type":"project","link":"https:\/\/belgianmidwivesassociation.be\/fr\/project\/katelijne-de-koster\/","title":{"rendered":"Katelijne De Koster"},"content":{"rendered":"<p>[et_pb_section fb_built=\u00a0\u00bb1&Prime; _builder_version=\u00a0\u00bb4.21.0&Prime; _module_preset=\u00a0\u00bbdefault\u00a0\u00bb global_colors_info=\u00a0\u00bb{}\u00a0\u00bb][et_pb_row _builder_version=\u00a0\u00bb4.21.0&Prime; _module_preset=\u00a0\u00bbdefault\u00a0\u00bb global_colors_info=\u00a0\u00bb{}\u00a0\u00bb][et_pb_column type=\u00a0\u00bb4_4&Prime; _builder_version=\u00a0\u00bb4.21.0&Prime; _module_preset=\u00a0\u00bbdefault\u00a0\u00bb global_colors_info=\u00a0\u00bb{}\u00a0\u00bb][et_pb_image src=\u00a0\u00bbhttps:\/\/belgianmidwivesassociation.be\/wp-content\/uploads\/2023\/07\/Katelijn.jpg\u00a0\u00bb title_text=\u00a0\u00bbKatelijn\u00a0\u00bb align=\u00a0\u00bbcenter\u00a0\u00bb _builder_version=\u00a0\u00bb4.21.0&Prime; _module_preset=\u00a0\u00bbdefault\u00a0\u00bb max_width=\u00a0\u00bb600px\u00a0\u00bb module_alignment=\u00a0\u00bbcenter\u00a0\u00bb global_colors_info=\u00a0\u00bb{}\u00a0\u00bb][\/et_pb_image][\/et_pb_column][\/et_pb_row][et_pb_row _builder_version=\u00a0\u00bb4.21.0&Prime; _module_preset=\u00a0\u00bbdefault\u00a0\u00bb global_colors_info=\u00a0\u00bb{}\u00a0\u00bb][et_pb_column type=\u00a0\u00bb4_4&Prime; _builder_version=\u00a0\u00bb4.21.0&Prime; _module_preset=\u00a0\u00bbdefault\u00a0\u00bb global_colors_info=\u00a0\u00bb{}\u00a0\u00bb][et_pb_text _builder_version=\u00a0\u00bb4.21.0&Prime; _dynamic_attributes=\u00a0\u00bbcontent\u00a0\u00bb _module_preset=\u00a0\u00bbdefault\u00a0\u00bb text_font=\u00a0\u00bb|600|||||||\u00a0\u00bb text_text_color=\u00a0\u00bb#FCA205&Prime; text_font_size=\u00a0\u00bb22px\u00a0\u00bb text_orientation=\u00a0\u00bbcenter\u00a0\u00bb custom_margin=\u00a0\u00bb||6px|||\u00a0\u00bb global_colors_info=\u00a0\u00bb{}\u00a0\u00bb]@ET-DC@eyJkeW5hbWljIjp0cnVlLCJjb250ZW50IjoicG9zdF90aXRsZSIsInNldHRpbmdzIjp7ImJlZm9yZSI6IiIsImFmdGVyIjoiIn19@[\/et_pb_text][\/et_pb_column][\/et_pb_row][et_pb_row _builder_version=\u00a0\u00bb4.21.0&Prime; _module_preset=\u00a0\u00bbdefault\u00a0\u00bb max_width=\u00a0\u00bb600px\u00a0\u00bb module_alignment=\u00a0\u00bbcenter\u00a0\u00bb custom_padding=\u00a0\u00bb0px|||||\u00a0\u00bb global_colors_info=\u00a0\u00bb{}\u00a0\u00bb][et_pb_column type=\u00a0\u00bb4_4&Prime; _builder_version=\u00a0\u00bb4.21.0&Prime; _module_preset=\u00a0\u00bbdefault\u00a0\u00bb global_colors_info=\u00a0\u00bb{}\u00a0\u00bb][et_pb_text _builder_version=\u00a0\u00bb4.21.2&Prime; _module_preset=\u00a0\u00bbdefault\u00a0\u00bb text_font=\u00a0\u00bb|300|||||||\u00a0\u00bb text_font_size=\u00a0\u00bb18px\u00a0\u00bb hover_enabled=\u00a0\u00bb0&Prime; global_colors_info=\u00a0\u00bb{}\u00a0\u00bb sticky_enabled=\u00a0\u00bb0&Prime;]<\/p>\n<ul>\n<li>BSc MSc<\/li>\n<li>membre du VBOV<\/li>\n<li>Sage-femme hospitali\u00e8re pensionn\u00e9e<\/li>\n<li>Pr\u00e9c\u00e9demment responsable de salle de naissance et du d\u00e9partement de nursing<\/li>\n<li>Ancien pr\u00e9sident du Conseil f\u00e9d\u00e9ral des sages-femmes (FRV) SPF sant\u00e9 publique<\/li>\n<li>VZW Together we Care : co-directeur et membre du conseil d&rsquo;administration<\/li>\n<li>N\u00e9 en BelgiquePro : membre du conseil d&rsquo;administration (secr\u00e9taire)<\/li>\n<li>Organisation belge des sages-femmes (BMA) : membre du conseil d&rsquo;administration<\/li>\n<li>Vlaamse Beroepsorganisatie voor vroedvrouwen (VBOV) : membre du conseil d&rsquo;administration et fonctionnement quotidien<\/li>\n<li>Federatie Vrije Beroepen(FvB) : membre du bureau ex\u00e9cutif, membre de la consultation des prestataires de soins ind\u00e9pendants (OZZ)<\/li>\n<\/ul>\n<p>[\/et_pb_text][\/et_pb_column][\/et_pb_row][\/et_pb_section]<\/p>\n","protected":false},"excerpt":{"rendered":"<p>BSc MSc membre du VBOV Sage-femme hospitali\u00e8re pensionn\u00e9e Pr\u00e9c\u00e9demment responsable de salle de naissance et du d\u00e9partement de nursing Ancien pr\u00e9sident du Conseil f\u00e9d\u00e9ral des sages-femmes (FRV) SPF sant\u00e9 publique VZW Together we Care : co-directeur et membre du conseil d&rsquo;administration N\u00e9 en BelgiquePro : membre du conseil d&rsquo;administration (secr\u00e9taire) Organisation belge des sages-femmes (BMA) [&hellip;]<\/p>\n","protected":false},"author":1,"featured_media":0,"comment_status":"closed","ping_status":"closed","template":"","meta":{"_et_pb_use_builder":"on","_et_pb_old_content":"","_et_gb_content_width":"","footnotes":""},"project_category":[],"project_tag":[],"class_list":["post-1446","project","type-project","status-publish","hentry"],"yoast_head":"<!-- This site is optimized with the Yoast SEO plugin v25.7 - https:\/\/yoast.com\/wordpress\/plugins\/seo\/ -->\n<title>Katelijne De Koster &#8211; Belgian Midwives Association<\/title>\n<meta name=\"robots\" content=\"index, follow, max-snippet:-1, max-image-preview:large, max-video-preview:-1\" \/>\n<link rel=\"canonical\" href=\"https:\/\/belgianmidwivesassociation.be\/fr\/project\/katelijne-de-koster\/\" \/>\n<meta property=\"og:locale\" content=\"fr_FR\" \/>\n<meta property=\"og:type\" content=\"article\" \/>\n<meta property=\"og:title\" content=\"Katelijne De Koster &#8211; Belgian Midwives Association\" \/>\n<meta property=\"og:description\" content=\"BSc MSc membre du VBOV Sage-femme hospitali\u00e8re pensionn\u00e9e Pr\u00e9c\u00e9demment responsable de salle de naissance et du d\u00e9partement de nursing Ancien pr\u00e9sident du Conseil f\u00e9d\u00e9ral des sages-femmes (FRV) SPF sant\u00e9 publique VZW Together we Care : co-directeur et membre du conseil d&#039;administration N\u00e9 en BelgiquePro : membre du conseil d&#039;administration (secr\u00e9taire) Organisation belge des sages-femmes (BMA) [&hellip;]\" \/>\n<meta property=\"og:url\" content=\"https:\/\/belgianmidwivesassociation.be\/fr\/project\/katelijne-de-koster\/\" \/>\n<meta property=\"og:site_name\" content=\"Belgian Midwives Association\" \/>\n<meta property=\"article:modified_time\" content=\"2023-09-07T19:51:50+00:00\" \/>\n<meta name=\"twitter:card\" content=\"summary_large_image\" \/>\n<meta name=\"twitter:label1\" content=\"Dur\u00e9e de lecture estim\u00e9e\" \/>\n\t<meta name=\"twitter:data1\" content=\"2 minutes\" \/>\n<script type=\"application\/ld+json\" class=\"yoast-schema-graph\">{\"@context\":\"https:\/\/schema.org\",\"@graph\":[{\"@type\":\"WebPage\",\"@id\":\"https:\/\/belgianmidwivesassociation.be\/fr\/project\/katelijne-de-koster\/\",\"url\":\"https:\/\/belgianmidwivesassociation.be\/fr\/project\/katelijne-de-koster\/\",\"name\":\"Katelijne De Koster &#8211; Belgian Midwives Association\",\"isPartOf\":{\"@id\":\"https:\/\/belgianmidwivesassociation.be\/fr\/#website\"},\"datePublished\":\"2023-07-30T15:48:34+00:00\",\"dateModified\":\"2023-09-07T19:51:50+00:00\",\"breadcrumb\":{\"@id\":\"https:\/\/belgianmidwivesassociation.be\/fr\/project\/katelijne-de-koster\/#breadcrumb\"},\"inLanguage\":\"fr-FR\",\"potentialAction\":[{\"@type\":\"ReadAction\",\"target\":[\"https:\/\/belgianmidwivesassociation.be\/fr\/project\/katelijne-de-koster\/\"]}]},{\"@type\":\"BreadcrumbList\",\"@id\":\"https:\/\/belgianmidwivesassociation.be\/fr\/project\/katelijne-de-koster\/#breadcrumb\",\"itemListElement\":[{\"@type\":\"ListItem\",\"position\":1,\"name\":\"Home\",\"item\":\"https:\/\/belgianmidwivesassociation.be\/fr\/accueil-fr\/\"},{\"@type\":\"ListItem\",\"position\":2,\"name\":\"Projets\",\"item\":\"https:\/\/belgianmidwivesassociation.be\/fr\/project\/\"},{\"@type\":\"ListItem\",\"position\":3,\"name\":\"Katelijne De Koster\"}]},{\"@type\":\"WebSite\",\"@id\":\"https:\/\/belgianmidwivesassociation.be\/fr\/#website\",\"url\":\"https:\/\/belgianmidwivesassociation.be\/fr\/\",\"name\":\"Belgian Midwives Association\",\"description\":\"\",\"publisher\":{\"@id\":\"https:\/\/belgianmidwivesassociation.be\/fr\/#organization\"},\"potentialAction\":[{\"@type\":\"SearchAction\",\"target\":{\"@type\":\"EntryPoint\",\"urlTemplate\":\"https:\/\/belgianmidwivesassociation.be\/fr\/?s={search_term_string}\"},\"query-input\":{\"@type\":\"PropertyValueSpecification\",\"valueRequired\":true,\"valueName\":\"search_term_string\"}}],\"inLanguage\":\"fr-FR\"},{\"@type\":\"Organization\",\"@id\":\"https:\/\/belgianmidwivesassociation.be\/fr\/#organization\",\"name\":\"Belgian Midwives Association\",\"url\":\"https:\/\/belgianmidwivesassociation.be\/fr\/\",\"logo\":{\"@type\":\"ImageObject\",\"inLanguage\":\"fr-FR\",\"@id\":\"https:\/\/belgianmidwivesassociation.be\/fr\/#\/schema\/logo\/image\/\",\"url\":\"https:\/\/belgianmidwivesassociation.be\/wp-content\/uploads\/2022\/12\/BMA_Logo_Color_0809_cropped.png\",\"contentUrl\":\"https:\/\/belgianmidwivesassociation.be\/wp-content\/uploads\/2022\/12\/BMA_Logo_Color_0809_cropped.png\",\"width\":3598,\"height\":1439,\"caption\":\"Belgian Midwives Association\"},\"image\":{\"@id\":\"https:\/\/belgianmidwivesassociation.be\/fr\/#\/schema\/logo\/image\/\"}}]}<\/script>\n<!-- \/ Yoast SEO plugin. -->","yoast_head_json":{"title":"Katelijne De Koster &#8211; Belgian Midwives Association","robots":{"index":"index","follow":"follow","max-snippet":"max-snippet:-1","max-image-preview":"max-image-preview:large","max-video-preview":"max-video-preview:-1"},"canonical":"https:\/\/belgianmidwivesassociation.be\/fr\/project\/katelijne-de-koster\/","og_locale":"fr_FR","og_type":"article","og_title":"Katelijne De Koster &#8211; Belgian Midwives Association","og_description":"BSc MSc membre du VBOV Sage-femme hospitali\u00e8re pensionn\u00e9e Pr\u00e9c\u00e9demment responsable de salle de naissance et du d\u00e9partement de nursing Ancien pr\u00e9sident du Conseil f\u00e9d\u00e9ral des sages-femmes (FRV) SPF sant\u00e9 publique VZW Together we Care : co-directeur et membre du conseil d'administration N\u00e9 en BelgiquePro : membre du conseil d'administration (secr\u00e9taire) Organisation belge des sages-femmes (BMA) [&hellip;]","og_url":"https:\/\/belgianmidwivesassociation.be\/fr\/project\/katelijne-de-koster\/","og_site_name":"Belgian Midwives Association","article_modified_time":"2023-09-07T19:51:50+00:00","twitter_card":"summary_large_image","twitter_misc":{"Dur\u00e9e de lecture estim\u00e9e":"2 minutes"},"schema":{"@context":"https:\/\/schema.org","@graph":[{"@type":"WebPage","@id":"https:\/\/belgianmidwivesassociation.be\/fr\/project\/katelijne-de-koster\/","url":"https:\/\/belgianmidwivesassociation.be\/fr\/project\/katelijne-de-koster\/","name":"Katelijne De Koster &#8211; Belgian Midwives Association","isPartOf":{"@id":"https:\/\/belgianmidwivesassociation.be\/fr\/#website"},"datePublished":"2023-07-30T15:48:34+00:00","dateModified":"2023-09-07T19:51:50+00:00","breadcrumb":{"@id":"https:\/\/belgianmidwivesassociation.be\/fr\/project\/katelijne-de-koster\/#breadcrumb"},"inLanguage":"fr-FR","potentialAction":[{"@type":"ReadAction","target":["https:\/\/belgianmidwivesassociation.be\/fr\/project\/katelijne-de-koster\/"]}]},{"@type":"BreadcrumbList","@id":"https:\/\/belgianmidwivesassociation.be\/fr\/project\/katelijne-de-koster\/#breadcrumb","itemListElement":[{"@type":"ListItem","position":1,"name":"Home","item":"https:\/\/belgianmidwivesassociation.be\/fr\/accueil-fr\/"},{"@type":"ListItem","position":2,"name":"Projets","item":"https:\/\/belgianmidwivesassociation.be\/fr\/project\/"},{"@type":"ListItem","position":3,"name":"Katelijne De Koster"}]},{"@type":"WebSite","@id":"https:\/\/belgianmidwivesassociation.be\/fr\/#website","url":"https:\/\/belgianmidwivesassociation.be\/fr\/","name":"Belgian Midwives Association","description":"","publisher":{"@id":"https:\/\/belgianmidwivesassociation.be\/fr\/#organization"},"potentialAction":[{"@type":"SearchAction","target":{"@type":"EntryPoint","urlTemplate":"https:\/\/belgianmidwivesassociation.be\/fr\/?s={search_term_string}"},"query-input":{"@type":"PropertyValueSpecification","valueRequired":true,"valueName":"search_term_string"}}],"inLanguage":"fr-FR"},{"@type":"Organization","@id":"https:\/\/belgianmidwivesassociation.be\/fr\/#organization","name":"Belgian Midwives Association","url":"https:\/\/belgianmidwivesassociation.be\/fr\/","logo":{"@type":"ImageObject","inLanguage":"fr-FR","@id":"https:\/\/belgianmidwivesassociation.be\/fr\/#\/schema\/logo\/image\/","url":"https:\/\/belgianmidwivesassociation.be\/wp-content\/uploads\/2022\/12\/BMA_Logo_Color_0809_cropped.png","contentUrl":"https:\/\/belgianmidwivesassociation.be\/wp-content\/uploads\/2022\/12\/BMA_Logo_Color_0809_cropped.png","width":3598,"height":1439,"caption":"Belgian Midwives Association"},"image":{"@id":"https:\/\/belgianmidwivesassociation.be\/fr\/#\/schema\/logo\/image\/"}}]}},"_links":{"self":[{"href":"https:\/\/belgianmidwivesassociation.be\/fr\/wp-json\/wp\/v2\/project\/1446","targetHints":{"allow":["GET"]}}],"collection":[{"href":"https:\/\/belgianmidwivesassociation.be\/fr\/wp-json\/wp\/v2\/project"}],"about":[{"href":"https:\/\/belgianmidwivesassociation.be\/fr\/wp-json\/wp\/v2\/types\/project"}],"author":[{"embeddable":true,"href":"https:\/\/belgianmidwivesassociation.be\/fr\/wp-json\/wp\/v2\/users\/1"}],"replies":[{"embeddable":true,"href":"https:\/\/belgianmidwivesassociation.be\/fr\/wp-json\/wp\/v2\/comments?post=1446"}],"version-history":[{"count":2,"href":"https:\/\/belgianmidwivesassociation.be\/fr\/wp-json\/wp\/v2\/project\/1446\/revisions"}],"predecessor-version":[{"id":1448,"href":"https:\/\/belgianmidwivesassociation.be\/fr\/wp-json\/wp\/v2\/project\/1446\/revisions\/1448"}],"wp:attachment":[{"href":"https:\/\/belgianmidwivesassociation.be\/fr\/wp-json\/wp\/v2\/media?parent=1446"}],"wp:term":[{"taxonomy":"project_category","embeddable":true,"href":"https:\/\/belgianmidwivesassociation.be\/fr\/wp-json\/wp\/v2\/project_category?post=1446"},{"taxonomy":"project_tag","embeddable":true,"href":"https:\/\/belgianmidwivesassociation.be\/fr\/wp-json\/wp\/v2\/project_tag?post=1446"}],"curies":[{"name":"wp","href":"https:\/\/api.w.org\/{rel}","templated":true}]}}