{"id":1335,"date":"2022-10-14T13:05:55","date_gmt":"2022-10-14T13:05:55","guid":{"rendered":"https:\/\/belgianmidwivesassociation.be\/qui-sommes-nous\/"},"modified":"2024-02-18T13:42:26","modified_gmt":"2024-02-18T13:42:26","slug":"qui-sommes-nous","status":"publish","type":"page","link":"https:\/\/belgianmidwivesassociation.be\/fr\/qui-sommes-nous\/","title":{"rendered":"Qui sommes nous"},"content":{"rendered":"<p>[et_pb_section fb_built=\u00a0\u00bb1&Prime; _builder_version=\u00a0\u00bb4.21.0&Prime; _module_preset=\u00a0\u00bbdefault\u00a0\u00bb custom_padding=\u00a0\u00bb61px||0px|||\u00a0\u00bb global_colors_info=\u00a0\u00bb{}\u00a0\u00bb][et_pb_row _builder_version=\u00a0\u00bb4.21.2&Prime; _module_preset=\u00a0\u00bbdefault\u00a0\u00bb custom_padding=\u00a0\u00bb0px||15px|||\u00a0\u00bb global_colors_info=\u00a0\u00bb{}\u00a0\u00bb][et_pb_column type=\u00a0\u00bb4_4&Prime; _builder_version=\u00a0\u00bb4.21.2&Prime; _module_preset=\u00a0\u00bbdefault\u00a0\u00bb global_colors_info=\u00a0\u00bb{}\u00a0\u00bb][et_pb_text _builder_version=\u00a0\u00bb4.21.2&Prime; _module_preset=\u00a0\u00bbdefault\u00a0\u00bb custom_padding=\u00a0\u00bb||20px|||\u00a0\u00bb global_colors_info=\u00a0\u00bb{}\u00a0\u00bb]<\/p>\n<h2>\u2022 Qui sommes nous<\/h2>\n<p>[\/et_pb_text][et_pb_text _builder_version=\u00a0\u00bb4.21.2&Prime; _module_preset=\u00a0\u00bbdefault\u00a0\u00bb global_colors_info=\u00a0\u00bb{}\u00a0\u00bb]<\/p>\n<h3>Naissance du BMA<\/h3>\n<p>[\/et_pb_text][\/et_pb_column][\/et_pb_row][et_pb_row _builder_version=\u00a0\u00bb4.22.1&Prime; _module_preset=\u00a0\u00bbdefault\u00a0\u00bb width=\u00a0\u00bb65%\u00a0\u00bb module_alignment=\u00a0\u00bbcenter\u00a0\u00bb custom_margin=\u00a0\u00bb|230px||230px||\u00a0\u00bb custom_padding=\u00a0\u00bb0px|0px||||\u00a0\u00bb global_colors_info=\u00a0\u00bb{}\u00a0\u00bb][et_pb_column type=\u00a0\u00bb4_4&Prime; _builder_version=\u00a0\u00bb4.21.0&Prime; _module_preset=\u00a0\u00bbdefault\u00a0\u00bb global_colors_info=\u00a0\u00bb{}\u00a0\u00bb][et_pb_gallery gallery_ids=\u00a0\u00bb531,519,522,525,528,534,537,540&Prime; fullwidth=\u00a0\u00bbon\u00a0\u00bb _builder_version=\u00a0\u00bb4.21.0&Prime; _module_preset=\u00a0\u00bbdefault\u00a0\u00bb custom_margin=\u00a0\u00bb||7px|||\u00a0\u00bb global_colors_info=\u00a0\u00bb{}\u00a0\u00bb][\/et_pb_gallery][et_pb_text _builder_version=\u00a0\u00bb4.21.2&Prime; _module_preset=\u00a0\u00bbdefault\u00a0\u00bb text_text_color=\u00a0\u00bb#8F8F8F\u00a0\u00bb text_font_size=\u00a0\u00bb16px\u00a0\u00bb text_line_height=\u00a0\u00bb1.5em\u00a0\u00bb max_width=\u00a0\u00bb700px\u00a0\u00bb global_colors_info=\u00a0\u00bb{}\u00a0\u00bb]<\/p>\n<p>L&rsquo;\u00e9quipe de l&rsquo;Association belge des sages-femmes, Bruxelles 2008<\/p>\n<p>[\/et_pb_text][\/et_pb_column][\/et_pb_row][et_pb_row _builder_version=\u00a0\u00bb4.21.0&Prime; _module_preset=\u00a0\u00bbdefault\u00a0\u00bb custom_padding=\u00a0\u00bb0px||0px|||\u00a0\u00bb global_colors_info=\u00a0\u00bb{}\u00a0\u00bb][et_pb_column type=\u00a0\u00bb4_4&Prime; _builder_version=\u00a0\u00bb4.21.0&Prime; _module_preset=\u00a0\u00bbdefault\u00a0\u00bb global_colors_info=\u00a0\u00bb{}\u00a0\u00bb][et_pb_text _builder_version=\u00a0\u00bb4.22.1&Prime; _module_preset=\u00a0\u00bbdefault\u00a0\u00bb text_font=\u00a0\u00bb|300|||||||\u00a0\u00bb text_font_size=\u00a0\u00bb18px\u00a0\u00bb max_width=\u00a0\u00bb700px\u00a0\u00bb global_colors_info=\u00a0\u00bb{}\u00a0\u00bb]<\/p>\n<p>Les sages-femmes belges travaillent conjointement depuis de nombreuses ann\u00e9es! D\u00e8s 1995, elles collaborent d\u2019abord au sein du Comit\u00e9 Consultatif des Sages-femmes Belges puis au Conseil F\u00e9d\u00e9ral. C\u2019est en 2008 qu\u2019elles d\u00e9cident d\u2019unir leurs forces au niveau associatif afin d\u2019am\u00e9liorer leur visibilit\u00e9 sur la sc\u00e8ne internationale.<\/p>\n<p>La BMA a \u00e9t\u00e9 cr\u00e9\u00e9e pour travailler sur trois axes principaux:<\/p>\n<p>\u2022 d\u00e9velopper la pratique belge sur l\u2019ensemble du champ de comp\u00e9tences des sages-femmes,<br \/>\u2022 promouvoir et reconna\u00eetre l\u2019accouchement normal,<br \/>\u2022 soutenir la profession tel que d\u00e9fini par <span style=\"text-decoration: underline; color: #ff9900;\"><a href=\"https:\/\/www.internationalmidwives.org\" target=\"_blank\" rel=\"noopener\" style=\"color: #ff9900; text-decoration: underline;\">l\u2019ICM<\/a><\/span>.<\/p>\n<p>[\/et_pb_text][et_pb_image src=\u00a0\u00bbhttps:\/\/belgianmidwivesassociation.be\/wp-content\/uploads\/2023\/07\/BMA_Illustrations_070323_Mainventre.png\u00a0\u00bb title_text=\u00a0\u00bbBMA_Illustrations_070323_Mainventre\u00a0\u00bb align=\u00a0\u00bbcenter\u00a0\u00bb _builder_version=\u00a0\u00bb4.21.2&Prime; _module_preset=\u00a0\u00bbdefault\u00a0\u00bb max_width=\u00a0\u00bb400px\u00a0\u00bb global_colors_info=\u00a0\u00bb{}\u00a0\u00bb][\/et_pb_image][\/et_pb_column][\/et_pb_row][\/et_pb_section][et_pb_section fb_built=\u00a0\u00bb1&Prime; admin_label=\u00a0\u00bbPopup &#8211; #testpopup\u00a0\u00bb module_id=\u00a0\u00bbtestpopup\u00a0\u00bb module_class=\u00a0\u00bbpopup with-loader\u00a0\u00bb _builder_version=\u00a0\u00bb4.22.0&Prime; _module_preset=\u00a0\u00bbdefault\u00a0\u00bb background_image=\u00a0\u00bbhttps:\/\/belgianmidwivesassociation.be\/wp-content\/uploads\/2023\/08\/BMA_Illustrations_grand_rond_R.png\u00a0\u00bb background_size=\u00a0\u00bbcustom\u00a0\u00bb background_image_height=\u00a0\u00bb100%\u00a0\u00bb custom_padding=\u00a0\u00bb0px||0px|||\u00a0\u00bb global_colors_info=\u00a0\u00bb{}\u00a0\u00bb][et_pb_row _builder_version=\u00a0\u00bb4.21.2&Prime; _module_preset=\u00a0\u00bbdefault\u00a0\u00bb custom_padding=\u00a0\u00bb||0px|||\u00a0\u00bb global_colors_info=\u00a0\u00bb{}\u00a0\u00bb][et_pb_column type=\u00a0\u00bb4_4&Prime; _builder_version=\u00a0\u00bb4.21.0&Prime; _module_preset=\u00a0\u00bbdefault\u00a0\u00bb global_colors_info=\u00a0\u00bb{}\u00a0\u00bb][et_pb_text _builder_version=\u00a0\u00bb4.21.2&Prime; _module_preset=\u00a0\u00bbdefault\u00a0\u00bb custom_margin=\u00a0\u00bb||15px||false|false\u00a0\u00bb global_colors_info=\u00a0\u00bb{}\u00a0\u00bb]<\/p>\n<h2>\u2022 Membres<\/h2>\n<p>[\/et_pb_text][\/et_pb_column][\/et_pb_row][et_pb_row _builder_version=\u00a0\u00bb4.21.0&Prime; _module_preset=\u00a0\u00bbdefault\u00a0\u00bb custom_padding=\u00a0\u00bb11px||13px|||\u00a0\u00bb global_colors_info=\u00a0\u00bb{}\u00a0\u00bb][et_pb_column type=\u00a0\u00bb4_4&Prime; _builder_version=\u00a0\u00bb4.21.0&Prime; _module_preset=\u00a0\u00bbdefault\u00a0\u00bb global_colors_info=\u00a0\u00bb{}\u00a0\u00bb][et_pb_text _builder_version=\u00a0\u00bb4.21.2&Prime; _module_preset=\u00a0\u00bbdefault\u00a0\u00bb header_3_text_align=\u00a0\u00bbcenter\u00a0\u00bb custom_padding=\u00a0\u00bb||23px|||\u00a0\u00bb global_colors_info=\u00a0\u00bb{}\u00a0\u00bb]<\/p>\n<h3>Conseil d\u2019administration<\/h3>\n<p>[\/et_pb_text][\/et_pb_column][\/et_pb_row][et_pb_row column_structure=\u00a0\u00bb1_4,1_4,1_4,1_4&Prime; _builder_version=\u00a0\u00bb4.21.0&Prime; _module_preset=\u00a0\u00bbdefault\u00a0\u00bb custom_padding=\u00a0\u00bb0px||0px|||\u00a0\u00bb global_colors_info=\u00a0\u00bb{}\u00a0\u00bb][et_pb_column type=\u00a0\u00bb1_4&Prime; _builder_version=\u00a0\u00bb4.21.0&Prime; _module_preset=\u00a0\u00bbdefault\u00a0\u00bb global_colors_info=\u00a0\u00bb{}\u00a0\u00bb][et_pb_blurb title=\u00a0\u00bbCl\u00e9mence Vital Durand\u00a0\u00bb image=\u00a0\u00bbhttps:\/\/belgianmidwivesassociation.be\/wp-content\/uploads\/2023\/07\/Clemence_square.jpg\u00a0\u00bb module_class=\u00a0\u00bbteam-blurb\u00a0\u00bb _builder_version=\u00a0\u00bb4.21.2&Prime; _dynamic_attributes=\u00a0\u00bblink_option_url\u00a0\u00bb _module_preset=\u00a0\u00bbdefault\u00a0\u00bb header_font_size=\u00a0\u00bb18px\u00a0\u00bb body_font=\u00a0\u00bb|300|||||||\u00a0\u00bb body_font_size=\u00a0\u00bb16px\u00a0\u00bb link_option_url=\u00a0\u00bb@ET-DC@eyJkeW5hbWljIjp0cnVlLCJjb250ZW50IjoicG9zdF9saW5rX3VybF9wcm9qZWN0Iiwic2V0dGluZ3MiOnsicG9zdF9pZCI6Ijc5OSIsImVuYWJsZV9odG1sIjoib2ZmIn19@\u00a0\u00bb box_shadow_style=\u00a0\u00bbpreset1&Prime; box_shadow_color=\u00a0\u00bbrgba(0,0,0,0.27)\u00a0\u00bb global_colors_info=\u00a0\u00bb{}\u00a0\u00bb]<\/p>\n<p>Pr\u00e9sidente<\/p>\n<p>[\/et_pb_blurb][\/et_pb_column][et_pb_column type=\u00a0\u00bb1_4&Prime; _builder_version=\u00a0\u00bb4.21.0&Prime; _module_preset=\u00a0\u00bbdefault\u00a0\u00bb global_colors_info=\u00a0\u00bb{}\u00a0\u00bb][et_pb_blurb title=\u00a0\u00bbAlexandra Denys \u00a0\u00bb image=\u00a0\u00bbhttps:\/\/belgianmidwivesassociation.be\/wp-content\/uploads\/2023\/07\/Alexandra_square.jpg\u00a0\u00bb module_class=\u00a0\u00bbteam-blurb\u00a0\u00bb _builder_version=\u00a0\u00bb4.21.0&Prime; _dynamic_attributes=\u00a0\u00bblink_option_url\u00a0\u00bb _module_preset=\u00a0\u00bbdefault\u00a0\u00bb header_font_size=\u00a0\u00bb18px\u00a0\u00bb body_font=\u00a0\u00bb|300|||||||\u00a0\u00bb body_font_size=\u00a0\u00bb16px\u00a0\u00bb link_option_url=\u00a0\u00bb@ET-DC@eyJkeW5hbWljIjp0cnVlLCJjb250ZW50IjoicG9zdF9saW5rX3VybF9wcm9qZWN0Iiwic2V0dGluZ3MiOnsicG9zdF9pZCI6IjczOSIsImVuYWJsZV9odG1sIjoib2ZmIn19@\u00a0\u00bb box_shadow_style=\u00a0\u00bbpreset1&Prime; box_shadow_color=\u00a0\u00bbrgba(0,0,0,0.27)\u00a0\u00bb global_colors_info=\u00a0\u00bb{}\u00a0\u00bb]<\/p>\n<p>Vice-pr\u00e9sidente<\/p>\n<p>[\/et_pb_blurb][\/et_pb_column][et_pb_column type=\u00a0\u00bb1_4&Prime; _builder_version=\u00a0\u00bb4.21.0&Prime; _module_preset=\u00a0\u00bbdefault\u00a0\u00bb global_colors_info=\u00a0\u00bb{}\u00a0\u00bb][et_pb_blurb title=\u00a0\u00bbMarlene Reyns\u00a0\u00bb image=\u00a0\u00bbhttps:\/\/belgianmidwivesassociation.be\/wp-content\/uploads\/2023\/07\/Marlene_square.jpg\u00a0\u00bb module_class=\u00a0\u00bbteam-blurb\u00a0\u00bb _builder_version=\u00a0\u00bb4.22.1&Prime; _dynamic_attributes=\u00a0\u00bblink_option_url\u00a0\u00bb _module_preset=\u00a0\u00bbdefault\u00a0\u00bb header_font_size=\u00a0\u00bb18px\u00a0\u00bb body_font=\u00a0\u00bb|300|||||||\u00a0\u00bb body_font_size=\u00a0\u00bb16px\u00a0\u00bb link_option_url=\u00a0\u00bb@ET-DC@eyJkeW5hbWljIjp0cnVlLCJjb250ZW50IjoicG9zdF9saW5rX3VybF9wcm9qZWN0Iiwic2V0dGluZ3MiOnsicG9zdF9pZCI6IjgwMyIsImVuYWJsZV9odG1sIjoib2ZmIn19@\u00a0\u00bb box_shadow_style=\u00a0\u00bbpreset1&Prime; box_shadow_color=\u00a0\u00bbrgba(0,0,0,0.27)\u00a0\u00bb global_colors_info=\u00a0\u00bb{}\u00a0\u00bb]<\/p>\n<p>Tr\u00e9sori\u00e8re<\/p>\n<p>[\/et_pb_blurb][\/et_pb_column][et_pb_column type=\u00a0\u00bb1_4&Prime; _builder_version=\u00a0\u00bb4.21.0&Prime; _module_preset=\u00a0\u00bbdefault\u00a0\u00bb global_colors_info=\u00a0\u00bb{}\u00a0\u00bb][et_pb_blurb title=\u00a0\u00bbGenevi\u00e8ve Castiaux\u00a0\u00bb image=\u00a0\u00bbhttps:\/\/belgianmidwivesassociation.be\/wp-content\/uploads\/2023\/08\/Sans_image_square.jpg\u00a0\u00bb module_class=\u00a0\u00bbteam-blurb\u00a0\u00bb _builder_version=\u00a0\u00bb4.21.2&Prime; _dynamic_attributes=\u00a0\u00bblink_option_url\u00a0\u00bb _module_preset=\u00a0\u00bbdefault\u00a0\u00bb header_font_size=\u00a0\u00bb18px\u00a0\u00bb body_font=\u00a0\u00bb|300|||||||\u00a0\u00bb body_font_size=\u00a0\u00bb16px\u00a0\u00bb link_option_url=\u00a0\u00bb@ET-DC@eyJkeW5hbWljIjp0cnVlLCJjb250ZW50IjoicG9zdF9saW5rX3VybF9wcm9qZWN0Iiwic2V0dGluZ3MiOnsicG9zdF9pZCI6IjgwMyIsImVuYWJsZV9odG1sIjoib2ZmIn19@\u00a0\u00bb box_shadow_style=\u00a0\u00bbpreset1&Prime; box_shadow_color=\u00a0\u00bbrgba(0,0,0,0.27)\u00a0\u00bb global_colors_info=\u00a0\u00bb{}\u00a0\u00bb]<\/p>\n<p>Secr\u00e9taire<\/p>\n<p>[\/et_pb_blurb][\/et_pb_column][\/et_pb_row][et_pb_row _builder_version=\u00a0\u00bb4.21.0&Prime; _module_preset=\u00a0\u00bbdefault\u00a0\u00bb custom_padding=\u00a0\u00bb57px||13px|||\u00a0\u00bb global_colors_info=\u00a0\u00bb{}\u00a0\u00bb][et_pb_column type=\u00a0\u00bb4_4&Prime; _builder_version=\u00a0\u00bb4.21.0&Prime; _module_preset=\u00a0\u00bbdefault\u00a0\u00bb global_colors_info=\u00a0\u00bb{}\u00a0\u00bb][et_pb_text _builder_version=\u00a0\u00bb4.21.2&Prime; _module_preset=\u00a0\u00bbdefault\u00a0\u00bb header_3_text_align=\u00a0\u00bbcenter\u00a0\u00bb custom_padding=\u00a0\u00bb||23px|||\u00a0\u00bb global_colors_info=\u00a0\u00bb{}\u00a0\u00bb]<\/p>\n<h3>Facilitatrices en intelligence collective et membres adh\u00e9rentes<\/h3>\n<p>[\/et_pb_text][\/et_pb_column][\/et_pb_row][et_pb_row column_structure=\u00a0\u00bb1_4,1_4,1_4,1_4&Prime; _builder_version=\u00a0\u00bb4.21.0&Prime; _module_preset=\u00a0\u00bbdefault\u00a0\u00bb custom_padding=\u00a0\u00bb0px||0px|||\u00a0\u00bb global_colors_info=\u00a0\u00bb{}\u00a0\u00bb][et_pb_column type=\u00a0\u00bb1_4&Prime; _builder_version=\u00a0\u00bb4.21.0&Prime; _module_preset=\u00a0\u00bbdefault\u00a0\u00bb global_colors_info=\u00a0\u00bb{}\u00a0\u00bb][et_pb_blurb title=\u00a0\u00bbC\u00e9line Van Vaerenbergh\u00a0\u00bb image=\u00a0\u00bbhttps:\/\/belgianmidwivesassociation.be\/wp-content\/uploads\/2023\/07\/Celine_square.jpg\u00a0\u00bb module_class=\u00a0\u00bbteam-blurb\u00a0\u00bb _builder_version=\u00a0\u00bb4.21.0&Prime; _dynamic_attributes=\u00a0\u00bblink_option_url\u00a0\u00bb _module_preset=\u00a0\u00bbdefault\u00a0\u00bb header_font_size=\u00a0\u00bb18px\u00a0\u00bb body_font=\u00a0\u00bb|300|||||||\u00a0\u00bb body_font_size=\u00a0\u00bb16px\u00a0\u00bb link_option_url=\u00a0\u00bb@ET-DC@eyJkeW5hbWljIjp0cnVlLCJjb250ZW50IjoicG9zdF9saW5rX3VybF9wcm9qZWN0Iiwic2V0dGluZ3MiOnsicG9zdF9pZCI6IjgxMSIsImVuYWJsZV9odG1sIjoib2ZmIn19@\u00a0\u00bb box_shadow_style=\u00a0\u00bbpreset1&Prime; box_shadow_color=\u00a0\u00bbrgba(0,0,0,0.27)\u00a0\u00bb global_colors_info=\u00a0\u00bb{}\u00a0\u00bb][\/et_pb_blurb][\/et_pb_column][et_pb_column type=\u00a0\u00bb1_4&Prime; _builder_version=\u00a0\u00bb4.21.0&Prime; _module_preset=\u00a0\u00bbdefault\u00a0\u00bb global_colors_info=\u00a0\u00bb{}\u00a0\u00bb][et_pb_blurb title=\u00a0\u00bbHanan Ben Abdeslam\u00a0\u00bb image=\u00a0\u00bbhttps:\/\/belgianmidwivesassociation.be\/wp-content\/uploads\/2023\/07\/Hannan-big-square.png\u00a0\u00bb module_class=\u00a0\u00bbteam-blurb\u00a0\u00bb _builder_version=\u00a0\u00bb4.21.0&Prime; _dynamic_attributes=\u00a0\u00bblink_option_url\u00a0\u00bb _module_preset=\u00a0\u00bbdefault\u00a0\u00bb header_font_size=\u00a0\u00bb18px\u00a0\u00bb body_font=\u00a0\u00bb|300|||||||\u00a0\u00bb body_font_size=\u00a0\u00bb16px\u00a0\u00bb link_option_url=\u00a0\u00bb@ET-DC@eyJkeW5hbWljIjp0cnVlLCJjb250ZW50IjoicG9zdF9saW5rX3VybF9wcm9qZWN0Iiwic2V0dGluZ3MiOnsicG9zdF9pZCI6IjgxNSIsImVuYWJsZV9odG1sIjoib2ZmIn19@\u00a0\u00bb box_shadow_style=\u00a0\u00bbpreset1&Prime; box_shadow_color=\u00a0\u00bbrgba(0,0,0,0.27)\u00a0\u00bb global_colors_info=\u00a0\u00bb{}\u00a0\u00bb][\/et_pb_blurb][\/et_pb_column][et_pb_column type=\u00a0\u00bb1_4&Prime; _builder_version=\u00a0\u00bb4.21.0&Prime; _module_preset=\u00a0\u00bbdefault\u00a0\u00bb global_colors_info=\u00a0\u00bb{}\u00a0\u00bb][\/et_pb_column][et_pb_column type=\u00a0\u00bb1_4&Prime; _builder_version=\u00a0\u00bb4.21.0&Prime; _module_preset=\u00a0\u00bbdefault\u00a0\u00bb global_colors_info=\u00a0\u00bb{}\u00a0\u00bb][\/et_pb_column][\/et_pb_row][et_pb_row _builder_version=\u00a0\u00bb4.21.0&Prime; _module_preset=\u00a0\u00bbdefault\u00a0\u00bb custom_padding=\u00a0\u00bb57px||13px|||\u00a0\u00bb global_colors_info=\u00a0\u00bb{}\u00a0\u00bb][et_pb_column type=\u00a0\u00bb4_4&Prime; _builder_version=\u00a0\u00bb4.21.0&Prime; _module_preset=\u00a0\u00bbdefault\u00a0\u00bb global_colors_info=\u00a0\u00bb{}\u00a0\u00bb][et_pb_text _builder_version=\u00a0\u00bb4.21.2&Prime; _module_preset=\u00a0\u00bbdefault\u00a0\u00bb header_3_text_align=\u00a0\u00bbcenter\u00a0\u00bb custom_padding=\u00a0\u00bb||23px|||\u00a0\u00bb global_colors_info=\u00a0\u00bb{}\u00a0\u00bb]<\/p>\n<h3>Membres effectifs<\/h3>\n<p>[\/et_pb_text][\/et_pb_column][\/et_pb_row][et_pb_row column_structure=\u00a0\u00bb1_4,1_4,1_4,1_4&Prime; _builder_version=\u00a0\u00bb4.21.0&Prime; _module_preset=\u00a0\u00bbdefault\u00a0\u00bb custom_padding=\u00a0\u00bb0px||0px|||\u00a0\u00bb global_colors_info=\u00a0\u00bb{}\u00a0\u00bb][et_pb_column type=\u00a0\u00bb1_4&Prime; _builder_version=\u00a0\u00bb4.21.0&Prime; _module_preset=\u00a0\u00bbdefault\u00a0\u00bb global_colors_info=\u00a0\u00bb{}\u00a0\u00bb][et_pb_blurb title=\u00a0\u00bbSerena Debonnet\u00a0\u00bb image=\u00a0\u00bbhttps:\/\/belgianmidwivesassociation.be\/wp-content\/uploads\/2023\/07\/Serena_square.jpg\u00a0\u00bb module_class=\u00a0\u00bbteam-blurb\u00a0\u00bb _builder_version=\u00a0\u00bb4.21.0&Prime; _dynamic_attributes=\u00a0\u00bblink_option_url\u00a0\u00bb _module_preset=\u00a0\u00bbdefault\u00a0\u00bb header_font_size=\u00a0\u00bb18px\u00a0\u00bb body_font=\u00a0\u00bb|300|||||||\u00a0\u00bb body_font_size=\u00a0\u00bb16px\u00a0\u00bb link_option_url=\u00a0\u00bb@ET-DC@eyJkeW5hbWljIjp0cnVlLCJjb250ZW50IjoicG9zdF9saW5rX3VybF9wcm9qZWN0Iiwic2V0dGluZ3MiOnsicG9zdF9pZCI6IjgxOSIsImVuYWJsZV9odG1sIjoib2ZmIn19@\u00a0\u00bb box_shadow_style=\u00a0\u00bbpreset1&Prime; box_shadow_color=\u00a0\u00bbrgba(0,0,0,0.27)\u00a0\u00bb global_colors_info=\u00a0\u00bb{}\u00a0\u00bb][\/et_pb_blurb][\/et_pb_column][et_pb_column type=\u00a0\u00bb1_4&Prime; _builder_version=\u00a0\u00bb4.21.0&Prime; _module_preset=\u00a0\u00bbdefault\u00a0\u00bb global_colors_info=\u00a0\u00bb{}\u00a0\u00bb][et_pb_blurb title=\u00a0\u00bbKatelijne De Koster\u00a0\u00bb image=\u00a0\u00bbhttps:\/\/belgianmidwivesassociation.be\/wp-content\/uploads\/2023\/07\/Katelijn_square.jpg\u00a0\u00bb module_class=\u00a0\u00bbteam-blurb\u00a0\u00bb _builder_version=\u00a0\u00bb4.22.1&Prime; _dynamic_attributes=\u00a0\u00bblink_option_url\u00a0\u00bb _module_preset=\u00a0\u00bbdefault\u00a0\u00bb header_font_size=\u00a0\u00bb18px\u00a0\u00bb body_font=\u00a0\u00bb|300|||||||\u00a0\u00bb body_font_size=\u00a0\u00bb16px\u00a0\u00bb link_option_url=\u00a0\u00bb@ET-DC@eyJkeW5hbWljIjp0cnVlLCJjb250ZW50IjoicG9zdF9saW5rX3VybF9wcm9qZWN0Iiwic2V0dGluZ3MiOnsicG9zdF9pZCI6IjgyMyIsImVuYWJsZV9odG1sIjoib2ZmIn19@\u00a0\u00bb box_shadow_style=\u00a0\u00bbpreset1&Prime; box_shadow_color=\u00a0\u00bbrgba(0,0,0,0.27)\u00a0\u00bb global_colors_info=\u00a0\u00bb{}\u00a0\u00bb][\/et_pb_blurb][\/et_pb_column][et_pb_column type=\u00a0\u00bb1_4&Prime; _builder_version=\u00a0\u00bb4.21.0&Prime; _module_preset=\u00a0\u00bbdefault\u00a0\u00bb global_colors_info=\u00a0\u00bb{}\u00a0\u00bb][et_pb_blurb title=\u00a0\u00bbEva-Marie Edel\u00a0\u00bb image=\u00a0\u00bbhttps:\/\/belgianmidwivesassociation.be\/wp-content\/uploads\/2023\/07\/Eva_square.jpg\u00a0\u00bb module_class=\u00a0\u00bbteam-blurb\u00a0\u00bb _builder_version=\u00a0\u00bb4.21.0&Prime; _dynamic_attributes=\u00a0\u00bblink_option_url\u00a0\u00bb _module_preset=\u00a0\u00bbdefault\u00a0\u00bb header_font_size=\u00a0\u00bb18px\u00a0\u00bb body_font=\u00a0\u00bb|300|||||||\u00a0\u00bb body_font_size=\u00a0\u00bb16px\u00a0\u00bb link_option_url=\u00a0\u00bb@ET-DC@eyJkeW5hbWljIjp0cnVlLCJjb250ZW50IjoicG9zdF9saW5rX3VybF9wcm9qZWN0Iiwic2V0dGluZ3MiOnsicG9zdF9pZCI6IjgyNyIsImVuYWJsZV9odG1sIjoib2ZmIn19@\u00a0\u00bb box_shadow_style=\u00a0\u00bbpreset1&Prime; box_shadow_color=\u00a0\u00bbrgba(0,0,0,0.27)\u00a0\u00bb global_colors_info=\u00a0\u00bb{}\u00a0\u00bb][\/et_pb_blurb][\/et_pb_column][et_pb_column type=\u00a0\u00bb1_4&Prime; _builder_version=\u00a0\u00bb4.21.0&Prime; _module_preset=\u00a0\u00bbdefault\u00a0\u00bb global_colors_info=\u00a0\u00bb{}\u00a0\u00bb][et_pb_blurb title=\u00a0\u00bbDorien Lanssens\u00a0\u00bb image=\u00a0\u00bbhttps:\/\/belgianmidwivesassociation.be\/wp-content\/uploads\/2023\/07\/Dorien_square-1.png\u00a0\u00bb module_class=\u00a0\u00bbteam-blurb\u00a0\u00bb _builder_version=\u00a0\u00bb4.21.0&Prime; _dynamic_attributes=\u00a0\u00bblink_option_url\u00a0\u00bb _module_preset=\u00a0\u00bbdefault\u00a0\u00bb header_font_size=\u00a0\u00bb18px\u00a0\u00bb body_font=\u00a0\u00bb|300|||||||\u00a0\u00bb body_font_size=\u00a0\u00bb16px\u00a0\u00bb link_option_url=\u00a0\u00bb@ET-DC@eyJkeW5hbWljIjp0cnVlLCJjb250ZW50IjoicG9zdF9saW5rX3VybF9wcm9qZWN0Iiwic2V0dGluZ3MiOnsicG9zdF9pZCI6IjgzMSIsImVuYWJsZV9odG1sIjoib2ZmIn19@\u00a0\u00bb box_shadow_style=\u00a0\u00bbpreset1&Prime; box_shadow_color=\u00a0\u00bbrgba(0,0,0,0.27)\u00a0\u00bb global_colors_info=\u00a0\u00bb{}\u00a0\u00bb][\/et_pb_blurb][\/et_pb_column][\/et_pb_row][et_pb_row _builder_version=\u00a0\u00bb4.21.2&Prime; _module_preset=\u00a0\u00bbdefault\u00a0\u00bb custom_padding=\u00a0\u00bb58px|||||\u00a0\u00bb global_colors_info=\u00a0\u00bb{}\u00a0\u00bb][et_pb_column type=\u00a0\u00bb4_4&Prime; _builder_version=\u00a0\u00bb4.21.0&Prime; _module_preset=\u00a0\u00bbdefault\u00a0\u00bb global_colors_info=\u00a0\u00bb{}\u00a0\u00bb][et_pb_button button_url=\u00a0\u00bbhttps:\/\/belgianmidwivesassociation.be\/project\/\u00a0\u00bb button_text=\u00a0\u00bbD\u00c9COUVRIR TOUS LES MEMBRES\u00a0\u00bb _builder_version=\u00a0\u00bb4.21.2&Prime; _module_preset=\u00a0\u00bb7e2ebacc-8c0c-4ee0-9034-b7bae64c9f3a\u00a0\u00bb global_colors_info=\u00a0\u00bb{}\u00a0\u00bb][\/et_pb_button][\/et_pb_column][\/et_pb_row][\/et_pb_section][et_pb_section fb_built=\u00a0\u00bb1&Prime; _builder_version=\u00a0\u00bb4.21.0&Prime; _module_preset=\u00a0\u00bbdefault\u00a0\u00bb custom_padding=\u00a0\u00bb0px|||||\u00a0\u00bb global_colors_info=\u00a0\u00bb{}\u00a0\u00bb][et_pb_row _builder_version=\u00a0\u00bb4.21.0&Prime; _module_preset=\u00a0\u00bbdefault\u00a0\u00bb custom_padding=\u00a0\u00bb||0px|||\u00a0\u00bb global_colors_info=\u00a0\u00bb{}\u00a0\u00bb][et_pb_column type=\u00a0\u00bb4_4&Prime; _builder_version=\u00a0\u00bb4.21.0&Prime; _module_preset=\u00a0\u00bbdefault\u00a0\u00bb global_colors_info=\u00a0\u00bb{}\u00a0\u00bb][et_pb_text _builder_version=\u00a0\u00bb4.21.2&Prime; _module_preset=\u00a0\u00bbdefault\u00a0\u00bb global_colors_info=\u00a0\u00bb{}\u00a0\u00bb]<\/p>\n<h2>\u2022 Adh\u00e9sions et mandats<\/h2>\n<p>[\/et_pb_text][\/et_pb_column][\/et_pb_row][et_pb_row _builder_version=\u00a0\u00bb4.21.2&Prime; _module_preset=\u00a0\u00bb1c8379a1-0d9e-4ba5-8e0e-7f0389cda43f\u00a0\u00bb global_colors_info=\u00a0\u00bb{}\u00a0\u00bb][et_pb_column type=\u00a0\u00bb4_4&Prime; _builder_version=\u00a0\u00bb4.21.0&Prime; _module_preset=\u00a0\u00bbdefault\u00a0\u00bb global_colors_info=\u00a0\u00bb{}\u00a0\u00bb][et_pb_text _builder_version=\u00a0\u00bb4.21.2&Prime; _module_preset=\u00a0\u00bbdefault\u00a0\u00bb custom_margin=\u00a0\u00bb||10px||false|false\u00a0\u00bb custom_padding=\u00a0\u00bb||0px||false|false\u00a0\u00bb global_colors_info=\u00a0\u00bb{}\u00a0\u00bb]<\/p>\n<h3>Adh\u00e9sions<\/h3>\n<p>[\/et_pb_text][et_pb_text _builder_version=\u00a0\u00bb4.21.2&Prime; _module_preset=\u00a0\u00bbdefault\u00a0\u00bb text_font=\u00a0\u00bb|300|||||||\u00a0\u00bb text_font_size=\u00a0\u00bb18px\u00a0\u00bb global_colors_info=\u00a0\u00bb{}\u00a0\u00bb]<\/p>\n<p>Les membres effectifs du BMA sont des sages-femmes ou des \u00e9tudiant.e.s sages-femmes membres d\u2019une association communautaire (UPSFB, VBOV, AFSFC) qui ont \u00e0 c\u0153ur de faire vivre la profession \u00e0 l\u2019unisson au niveau national et de faire rayonner la profession \u00e0 un niveau international.<\/p>\n<p>Les demandes d\u2019adh\u00e9sion peuvent \u00eatre soumises au conseil d\u2019administration du BMA, accompagn\u00e9es d\u2019une lettre de motivation et d\u2019un curriculum vitae. Les membres du BMA repr\u00e9senteront \u00e9quitablement les associations communautaires.<\/p>\n<p>[\/et_pb_text][\/et_pb_column][\/et_pb_row][et_pb_row _builder_version=\u00a0\u00bb4.21.2&Prime; _module_preset=\u00a0\u00bb1c8379a1-0d9e-4ba5-8e0e-7f0389cda43f\u00a0\u00bb global_colors_info=\u00a0\u00bb{}\u00a0\u00bb][et_pb_column type=\u00a0\u00bb4_4&Prime; _builder_version=\u00a0\u00bb4.21.0&Prime; _module_preset=\u00a0\u00bbdefault\u00a0\u00bb global_colors_info=\u00a0\u00bb{}\u00a0\u00bb][et_pb_text _builder_version=\u00a0\u00bb4.21.0&Prime; _module_preset=\u00a0\u00bbdefault\u00a0\u00bb custom_margin=\u00a0\u00bb||10px||false|false\u00a0\u00bb custom_padding=\u00a0\u00bb||0px||false|false\u00a0\u00bb global_colors_info=\u00a0\u00bb{}\u00a0\u00bb]<\/p>\n<h3>Mandats<\/h3>\n<p>[\/et_pb_text][et_pb_text _builder_version=\u00a0\u00bb4.21.0&Prime; _module_preset=\u00a0\u00bbdefault\u00a0\u00bb text_font=\u00a0\u00bb|300|||||||\u00a0\u00bb text_font_size=\u00a0\u00bb18px\u00a0\u00bb global_colors_info=\u00a0\u00bb{}\u00a0\u00bb]<\/p>\n<p>Les membres du conseil d\u2019administration sont \u00e9lus \u00e0 la majorit\u00e9 lors des votes de l\u2019assembl\u00e9e g\u00e9n\u00e9rale et ce pour une dur\u00e9e de quatre ans renouvelable une fois.<\/p>\n<p>[\/et_pb_text][\/et_pb_column][\/et_pb_row][et_pb_row _builder_version=\u00a0\u00bb4.21.2&Prime; _module_preset=\u00a0\u00bb1c8379a1-0d9e-4ba5-8e0e-7f0389cda43f\u00a0\u00bb global_colors_info=\u00a0\u00bb{}\u00a0\u00bb][et_pb_column type=\u00a0\u00bb4_4&Prime; _builder_version=\u00a0\u00bb4.21.0&Prime; _module_preset=\u00a0\u00bbdefault\u00a0\u00bb global_colors_info=\u00a0\u00bb{}\u00a0\u00bb][et_pb_text _builder_version=\u00a0\u00bb4.21.0&Prime; _module_preset=\u00a0\u00bbdefault\u00a0\u00bb custom_margin=\u00a0\u00bb||10px||false|false\u00a0\u00bb custom_padding=\u00a0\u00bb||0px||false|false\u00a0\u00bb global_colors_info=\u00a0\u00bb{}\u00a0\u00bb]<\/p>\n<h3>Repr\u00e9sentation europ\u00e9enne et internationale<\/h3>\n<p>[\/et_pb_text][et_pb_text _builder_version=\u00a0\u00bb4.22.1&Prime; _module_preset=\u00a0\u00bbdefault\u00a0\u00bb text_font=\u00a0\u00bb|300|||||||\u00a0\u00bb text_font_size=\u00a0\u00bb18px\u00a0\u00bb global_colors_info=\u00a0\u00bb{}\u00a0\u00bb]<\/p>\n<p>Lorsque <span style=\"text-decoration: underline; color: #ff9900;\"><a href=\"https:\/\/www.ema.europa.eu\/en\" target=\"_blank\" rel=\"noopener\" style=\"color: #ff9900; text-decoration: underline;\">l\u2019EMA<\/a><\/span> et <span style=\"text-decoration: underline; color: #ff9900;\"><a href=\"https:\/\/www.internationalmidwives.org\" target=\"_blank\" rel=\"noopener\" style=\"color: #ff9900; text-decoration: underline;\">l\u2019ICM<\/a><\/span> organisent les \u00e9lections de leurs d\u00e9l\u00e9gu\u00e9s, les membres effectifs du BMA votent pour les volontaires de l\u2019association qui s&rsquo;engagent \u00e0 repr\u00e9senter la Belgique lors des \u00e9v\u00e8nements pluri-annuels tels que les conseils, assembl\u00e9es g\u00e9n\u00e9rales et congr\u00e8s.<\/p>\n<p>[\/et_pb_text][\/et_pb_column][\/et_pb_row][et_pb_row _builder_version=\u00a0\u00bb4.21.2&Prime; _module_preset=\u00a0\u00bb1c8379a1-0d9e-4ba5-8e0e-7f0389cda43f\u00a0\u00bb global_colors_info=\u00a0\u00bb{}\u00a0\u00bb][et_pb_column type=\u00a0\u00bb4_4&Prime; _builder_version=\u00a0\u00bb4.21.0&Prime; _module_preset=\u00a0\u00bbdefault\u00a0\u00bb global_colors_info=\u00a0\u00bb{}\u00a0\u00bb][et_pb_text _builder_version=\u00a0\u00bb4.21.0&Prime; _module_preset=\u00a0\u00bbdefault\u00a0\u00bb custom_margin=\u00a0\u00bb||10px||false|false\u00a0\u00bb custom_padding=\u00a0\u00bb||0px||false|false\u00a0\u00bb global_colors_info=\u00a0\u00bb{}\u00a0\u00bb]<\/p>\n<h3>Organisation pratique<\/h3>\n<p>[\/et_pb_text][et_pb_text _builder_version=\u00a0\u00bb4.21.2&Prime; _module_preset=\u00a0\u00bbdefault\u00a0\u00bb text_font=\u00a0\u00bb|300|||||||\u00a0\u00bb text_font_size=\u00a0\u00bb18px\u00a0\u00bb global_colors_info=\u00a0\u00bb{}\u00a0\u00bb]<\/p>\n<p>Les membres effectifs se r\u00e9unissent quatre samedis matins par an lors de r\u00e9unions qui durent g\u00e9n\u00e9ralement trois \u00e0 quatre heures en pr\u00e9sentiel ou en distanciel, en fonction des conditions sanitaires. Une assembl\u00e9e g\u00e9n\u00e9rale a lieu au minimum une fois par an, pendant laquelle les membres adh\u00e9rents, \u00e0 savoir tous les membres des associations communautaires sont les bienvenus mais ne d\u00e9tiennent pas de droit de vote.<\/p>\n<p>Actuellement, le fonctionnement du BMA repose uniquement sur base b\u00e9n\u00e9vole. Notre langue usuelle de travail est l\u2019anglais ainsi que les langues nationales.<\/p>\n<p><span style=\"font-size: 18px;\">.<\/span><\/p>\n<p>[\/et_pb_text][\/et_pb_column][\/et_pb_row][et_pb_row _builder_version=\u00a0\u00bb4.21.0&Prime; _module_preset=\u00a0\u00bbdefault\u00a0\u00bb global_colors_info=\u00a0\u00bb{}\u00a0\u00bb][et_pb_column type=\u00a0\u00bb4_4&Prime; _builder_version=\u00a0\u00bb4.21.0&Prime; _module_preset=\u00a0\u00bbdefault\u00a0\u00bb global_colors_info=\u00a0\u00bb{}\u00a0\u00bb][et_pb_button button_text=\u00a0\u00bbT\u00c9L\u00c9CHARGER L&apos;ORGANIGRAMME\u00a0\u00bb _builder_version=\u00a0\u00bb4.21.2&Prime; _module_preset=\u00a0\u00bb7e2ebacc-8c0c-4ee0-9034-b7bae64c9f3a\u00a0\u00bb global_colors_info=\u00a0\u00bb{}\u00a0\u00bb][\/et_pb_button][\/et_pb_column][\/et_pb_row][et_pb_row _builder_version=\u00a0\u00bb4.21.0&Prime; _module_preset=\u00a0\u00bbdefault\u00a0\u00bb global_colors_info=\u00a0\u00bb{}\u00a0\u00bb][et_pb_column type=\u00a0\u00bb4_4&Prime; _builder_version=\u00a0\u00bb4.21.0&Prime; _module_preset=\u00a0\u00bbdefault\u00a0\u00bb global_colors_info=\u00a0\u00bb{}\u00a0\u00bb][et_pb_image src=\u00a0\u00bbhttps:\/\/belgianmidwivesassociation.be\/wp-content\/uploads\/2023\/07\/BMA_Illustrations_070323_MidwifeBaby_small.png\u00a0\u00bb title_text=\u00a0\u00bbBMA_Illustrations_070323_MidwifeBaby_small\u00a0\u00bb align=\u00a0\u00bbcenter\u00a0\u00bb _builder_version=\u00a0\u00bb4.21.0&Prime; _module_preset=\u00a0\u00bbdefault\u00a0\u00bb max_width=\u00a0\u00bb500px\u00a0\u00bb global_colors_info=\u00a0\u00bb{}\u00a0\u00bb][\/et_pb_image][\/et_pb_column][\/et_pb_row][\/et_pb_section][et_pb_section fb_built=\u00a0\u00bb1&Prime; _builder_version=\u00a0\u00bb4.21.0&Prime; _module_preset=\u00a0\u00bbdefault\u00a0\u00bb custom_padding=\u00a0\u00bb0px||0px|||\u00a0\u00bb global_colors_info=\u00a0\u00bb{}\u00a0\u00bb][et_pb_row _builder_version=\u00a0\u00bb4.21.2&Prime; _module_preset=\u00a0\u00bb1c8379a1-0d9e-4ba5-8e0e-7f0389cda43f\u00a0\u00bb custom_padding=\u00a0\u00bb||0px|||\u00a0\u00bb global_colors_info=\u00a0\u00bb{}\u00a0\u00bb][et_pb_column type=\u00a0\u00bb4_4&Prime; _builder_version=\u00a0\u00bb4.21.0&Prime; _module_preset=\u00a0\u00bbdefault\u00a0\u00bb global_colors_info=\u00a0\u00bb{}\u00a0\u00bb][et_pb_text _builder_version=\u00a0\u00bb4.21.2&Prime; _module_preset=\u00a0\u00bbdefault\u00a0\u00bb global_colors_info=\u00a0\u00bb{}\u00a0\u00bb]<\/p>\n<h2>\u2022 La pratique sage-femme en Belgique et dans le monde telle que d\u00e9finie par l\u2019ICM<\/h2>\n<p>[\/et_pb_text][\/et_pb_column][\/et_pb_row][et_pb_row _builder_version=\u00a0\u00bb4.21.2&Prime; _module_preset=\u00a0\u00bb1c8379a1-0d9e-4ba5-8e0e-7f0389cda43f\u00a0\u00bb global_colors_info=\u00a0\u00bb{}\u00a0\u00bb][et_pb_column type=\u00a0\u00bb4_4&Prime; _builder_version=\u00a0\u00bb4.21.0&Prime; _module_preset=\u00a0\u00bbdefault\u00a0\u00bb global_colors_info=\u00a0\u00bb{}\u00a0\u00bb][et_pb_text _builder_version=\u00a0\u00bb4.21.0&Prime; _module_preset=\u00a0\u00bbdefault\u00a0\u00bb custom_margin=\u00a0\u00bb||10px||false|false\u00a0\u00bb custom_padding=\u00a0\u00bb||0px||false|false\u00a0\u00bb global_colors_info=\u00a0\u00bb{}\u00a0\u00bb]<\/p>\n<h3>D\u00e9finition internationale de la sage-femme selon l\u2019ICM<\/h3>\n<p>[\/et_pb_text][et_pb_text _builder_version=\u00a0\u00bb4.22.1&Prime; _module_preset=\u00a0\u00bbdefault\u00a0\u00bb text_font=\u00a0\u00bb|300|||||||\u00a0\u00bb text_font_size=\u00a0\u00bb18px\u00a0\u00bb global_colors_info=\u00a0\u00bb{}\u00a0\u00bb]<\/p>\n<p>Une sage-femme est une personne qui a suivi avec succ\u00e8s un programme de formation de sage-femme, fond\u00e9 sur les <span style=\"text-decoration: underline; color: #ff9900;\"><a href=\"https:\/\/www.internationalmidwives.org\" target=\"_blank\" rel=\"noopener\" style=\"color: #ff9900; text-decoration: underline;\">ICM<\/a><\/span> comp\u00e9tences essentielles pour la pratique de base et sur les <span style=\"text-decoration: underline; color: #ff9900;\"><a href=\"https:\/\/www.internationalmidwives.org\" target=\"_blank\" rel=\"noopener\" style=\"color: #ff9900; text-decoration: underline;\">ICM<\/a><\/span> normes mondiales pour la formation de sage-femme telles que d\u00e9finies par l\u2019ICM et reconnu dans le pays o\u00f9 cette personne se trouve ; qui a acquis les qualifications requises pour \u00eatre enregistr\u00e9e et\/ou l\u00e9galement autoris\u00e9e \u00e0 exercer la profession et \u00e0 utiliser le titre de \u00ab\u00a0sage-femme\u00a0\u00bb ; et qui d\u00e9montre sa comp\u00e9tence dans l&rsquo;exercice de la profession.<\/p>\n<p>[\/et_pb_text][et_pb_button button_url=\u00a0\u00bbhttps:\/\/www.internationalmidwives.org\/fr\/index.html\u00a0\u00bb url_new_window=\u00a0\u00bbon\u00a0\u00bb button_text=\u00a0\u00bbPlus d&apos;informations ici\u00a0\u00bb _builder_version=\u00a0\u00bb4.22.1&Prime; _module_preset=\u00a0\u00bbe42632bc-3383-472b-aec1-103186fc5dcb\u00a0\u00bb custom_margin=\u00a0\u00bb20px||||false|false\u00a0\u00bb global_colors_info=\u00a0\u00bb{}\u00a0\u00bb][\/et_pb_button][\/et_pb_column][\/et_pb_row][et_pb_row _builder_version=\u00a0\u00bb4.21.2&Prime; _module_preset=\u00a0\u00bb1c8379a1-0d9e-4ba5-8e0e-7f0389cda43f\u00a0\u00bb global_colors_info=\u00a0\u00bb{}\u00a0\u00bb][et_pb_column type=\u00a0\u00bb4_4&Prime; _builder_version=\u00a0\u00bb4.21.0&Prime; _module_preset=\u00a0\u00bbdefault\u00a0\u00bb global_colors_info=\u00a0\u00bb{}\u00a0\u00bb][et_pb_text _builder_version=\u00a0\u00bb4.21.0&Prime; _module_preset=\u00a0\u00bbdefault\u00a0\u00bb custom_margin=\u00a0\u00bb||10px||false|false\u00a0\u00bb custom_padding=\u00a0\u00bb||0px||false|false\u00a0\u00bb global_colors_info=\u00a0\u00bb{}\u00a0\u00bb]<\/p>\n<h3>Champ de pratique <\/h3>\n<p>[\/et_pb_text][et_pb_text _builder_version=\u00a0\u00bb4.21.0&Prime; _module_preset=\u00a0\u00bbdefault\u00a0\u00bb text_font=\u00a0\u00bb|300|||||||\u00a0\u00bb text_font_size=\u00a0\u00bb18px\u00a0\u00bb global_colors_info=\u00a0\u00bb{}\u00a0\u00bb]<\/p>\n<p>&nbsp;<\/p>\n<p>La sage-femme est reconnue comme une professionnelle responsable et comptable qui travaille en partenariat avec les femmes pour apporter le soutien, les soins et les conseils n\u00e9cessaires pendant la grossesse, le travail et la p\u00e9riode post-partum, pour accompagner les naissances sous sa propre responsabilit\u00e9 et pour fournir des soins au nouveau-n\u00e9 et \u00e0 l&rsquo;enfant. Ces soins comprennent des mesures pr\u00e9ventives, la promotion d&rsquo;une naissance normale, la d\u00e9tection de complications chez la m\u00e8re et l&rsquo;enfant, l&rsquo;acc\u00e8s \u00e0 des soins m\u00e9dicaux ou \u00e0 toute autre assistance appropri\u00e9e et l&rsquo;ex\u00e9cution de mesures d&rsquo;urgence.<\/p>\n<p>La sage-femme a une t\u00e2che importante de conseil et de promotion \u00e0 la sant\u00e9, non seulement pour la femme, mais aussi au sein de la famille et de la communaut\u00e9. Ce travail doit comprendre l\u2019information ant\u00e9natale et la pr\u00e9paration \u00e0 la parentalit\u00e9 et peut s&rsquo;\u00e9tendre \u00e0 la sant\u00e9 des femmes, \u00e0 la sant\u00e9 sexuelle ou reproductive et aux soins aux enfants.<\/p>\n<p>Une sage-femme peut exercer dans n&rsquo;importe quel environnement, y compris \u00e0 domicile, dans des collectivit\u00e9, dans les h\u00f4pitaux, les cliniques ou les services de sant\u00e9 publique.<\/p>\n<p>[\/et_pb_text][et_pb_button button_url=\u00a0\u00bbhttps:\/\/www.internationalmidwives.org\/our-work\/policy-and-practice\/assets\/files\/definitions-files\/2018\/06\/eng-definition_of_the_midwife-2017.pdf\u00a0\u00bb url_new_window=\u00a0\u00bbon\u00a0\u00bb button_text=\u00a0\u00bbPlus d&apos;informations ici\u00a0\u00bb _builder_version=\u00a0\u00bb4.21.2&Prime; _module_preset=\u00a0\u00bbe42632bc-3383-472b-aec1-103186fc5dcb\u00a0\u00bb custom_margin=\u00a0\u00bb20px||||false|false\u00a0\u00bb global_colors_info=\u00a0\u00bb{}\u00a0\u00bb][\/et_pb_button][\/et_pb_column][\/et_pb_row][et_pb_row _builder_version=\u00a0\u00bb4.21.2&Prime; _module_preset=\u00a0\u00bb1c8379a1-0d9e-4ba5-8e0e-7f0389cda43f\u00a0\u00bb global_colors_info=\u00a0\u00bb{}\u00a0\u00bb][et_pb_column type=\u00a0\u00bb4_4&Prime; _builder_version=\u00a0\u00bb4.21.0&Prime; _module_preset=\u00a0\u00bbdefault\u00a0\u00bb global_colors_info=\u00a0\u00bb{}\u00a0\u00bb][et_pb_text _builder_version=\u00a0\u00bb4.21.0&Prime; _module_preset=\u00a0\u00bbdefault\u00a0\u00bb custom_margin=\u00a0\u00bb||10px||false|false\u00a0\u00bb custom_padding=\u00a0\u00bb||0px||false|false\u00a0\u00bb global_colors_info=\u00a0\u00bb{}\u00a0\u00bb]<\/p>\n<h3>D\u00e9finition<\/h3>\n<p>[\/et_pb_text][et_pb_text _builder_version=\u00a0\u00bb4.21.0&Prime; _module_preset=\u00a0\u00bbdefault\u00a0\u00bb text_font=\u00a0\u00bb|300|||||||\u00a0\u00bb text_font_size=\u00a0\u00bb18px\u00a0\u00bb global_colors_info=\u00a0\u00bb{}\u00a0\u00bb]<\/p>\n<p>Seules les sages-femmes pratiquent la profession de sage-femme. Elle poss\u00e8de un ensemble unique de connaissances, de comp\u00e9tences et d&rsquo;attitudes professionnelles tir\u00e9es de disciplines partag\u00e9es par d&rsquo;autres professions de la sant\u00e9, telles que la science et la sociologie, mais pratiqu\u00e9es par les sages-femmes dans un cadre professionnel d&rsquo;autonomie, de partenariat, d&rsquo;\u00e9thique et de responsabilit\u00e9.<\/p>\n<p>[\/et_pb_text][et_pb_button button_url=\u00a0\u00bbhttps:\/\/www.internationalmidwives.org\/our-work\/policy-and-practice\/assets\/files\/definitions-files\/2018\/06\/eng-definition_midwifery.pdf\u00a0\u00bb url_new_window=\u00a0\u00bbon\u00a0\u00bb button_text=\u00a0\u00bbPlus d&apos;informations ici\u00a0\u00bb _builder_version=\u00a0\u00bb4.21.2&Prime; _module_preset=\u00a0\u00bbe42632bc-3383-472b-aec1-103186fc5dcb\u00a0\u00bb custom_margin=\u00a0\u00bb20px||||false|false\u00a0\u00bb global_colors_info=\u00a0\u00bb{}\u00a0\u00bb][\/et_pb_button][\/et_pb_column][\/et_pb_row][et_pb_row _builder_version=\u00a0\u00bb4.21.2&Prime; _module_preset=\u00a0\u00bb1c8379a1-0d9e-4ba5-8e0e-7f0389cda43f\u00a0\u00bb global_colors_info=\u00a0\u00bb{}\u00a0\u00bb][et_pb_column type=\u00a0\u00bb4_4&Prime; _builder_version=\u00a0\u00bb4.21.0&Prime; _module_preset=\u00a0\u00bbdefault\u00a0\u00bb global_colors_info=\u00a0\u00bb{}\u00a0\u00bb][et_pb_text _builder_version=\u00a0\u00bb4.21.0&Prime; _module_preset=\u00a0\u00bbdefault\u00a0\u00bb custom_margin=\u00a0\u00bb||10px||false|false\u00a0\u00bb custom_padding=\u00a0\u00bb||0px||false|false\u00a0\u00bb global_colors_info=\u00a0\u00bb{}\u00a0\u00bb]<\/p>\n<h3>Philosophie et mod\u00e8les de soins sage-femme<\/h3>\n<p>[\/et_pb_text][et_pb_text _builder_version=\u00a0\u00bb4.21.0&Prime; _module_preset=\u00a0\u00bbdefault\u00a0\u00bb text_font=\u00a0\u00bb|300|||||||\u00a0\u00bb text_font_size=\u00a0\u00bb18px\u00a0\u00bb global_colors_info=\u00a0\u00bb{}\u00a0\u00bb]<\/p>\n<p>Dans le monde entier, la profession de sage-femme est pratiqu\u00e9e depuis des si\u00e8cles et pr\u00e9sente des caract\u00e9ristiques qui ont \u00e9volu\u00e9 diff\u00e9remment selon les traditions et les connaissances culturelles et sociales locales ou r\u00e9gionales. Ce document fournit une description universelle de la philosophie et du mod\u00e8le de soins de la profession de sage-femme, sans compromettre les caract\u00e9ristiques locales ou r\u00e9gionales des soins de la profession de sage-femme.<\/p>\n<p>[\/et_pb_text][et_pb_button button_url=\u00a0\u00bbhttps:\/\/www.internationalmidwives.org\/our-work\/policy-and-practice\/assets\/files\/definitions-files\/2018\/06\/eng-philosophy-and-model-of-midwifery-care.pdf\u00a0\u00bb url_new_window=\u00a0\u00bbon\u00a0\u00bb button_text=\u00a0\u00bbPlus d&apos;informations ici\u00a0\u00bb _builder_version=\u00a0\u00bb4.21.2&Prime; _module_preset=\u00a0\u00bbe42632bc-3383-472b-aec1-103186fc5dcb\u00a0\u00bb custom_margin=\u00a0\u00bb20px||||false|false\u00a0\u00bb global_colors_info=\u00a0\u00bb{}\u00a0\u00bb][\/et_pb_button][\/et_pb_column][\/et_pb_row][et_pb_row _builder_version=\u00a0\u00bb4.21.0&Prime; _module_preset=\u00a0\u00bbdefault\u00a0\u00bb global_colors_info=\u00a0\u00bb{}\u00a0\u00bb][et_pb_column type=\u00a0\u00bb4_4&Prime; _builder_version=\u00a0\u00bb4.21.0&Prime; _module_preset=\u00a0\u00bbdefault\u00a0\u00bb global_colors_info=\u00a0\u00bb{}\u00a0\u00bb][et_pb_image src=\u00a0\u00bbhttps:\/\/belgianmidwivesassociation.be\/wp-content\/uploads\/2023\/07\/BMA_Illustrations_070323_Poingsleves_small.png\u00a0\u00bb title_text=\u00a0\u00bbBMA_Illustrations_070323_Poingsleves_small\u00a0\u00bb align=\u00a0\u00bbcenter\u00a0\u00bb _builder_version=\u00a0\u00bb4.21.2&Prime; _module_preset=\u00a0\u00bbdefault\u00a0\u00bb max_width=\u00a0\u00bb400px\u00a0\u00bb module_alignment=\u00a0\u00bbcenter\u00a0\u00bb global_colors_info=\u00a0\u00bb{}\u00a0\u00bb][\/et_pb_image][\/et_pb_column][\/et_pb_row][\/et_pb_section][et_pb_section fb_built=\u00a0\u00bb1&Prime; _builder_version=\u00a0\u00bb4.21.0&Prime; _module_preset=\u00a0\u00bbdefault\u00a0\u00bb custom_padding=\u00a0\u00bb0px|||||\u00a0\u00bb global_colors_info=\u00a0\u00bb{}\u00a0\u00bb][et_pb_row _builder_version=\u00a0\u00bb4.21.2&Prime; _module_preset=\u00a0\u00bb1c8379a1-0d9e-4ba5-8e0e-7f0389cda43f\u00a0\u00bb global_colors_info=\u00a0\u00bb{}\u00a0\u00bb][et_pb_column type=\u00a0\u00bb4_4&Prime; _builder_version=\u00a0\u00bb4.21.0&Prime; _module_preset=\u00a0\u00bbdefault\u00a0\u00bb global_colors_info=\u00a0\u00bb{}\u00a0\u00bb][et_pb_text _builder_version=\u00a0\u00bb4.21.0&Prime; _module_preset=\u00a0\u00bbdefault\u00a0\u00bb custom_margin=\u00a0\u00bb||10px||false|false\u00a0\u00bb custom_padding=\u00a0\u00bb||0px||false|false\u00a0\u00bb global_colors_info=\u00a0\u00bb{}\u00a0\u00bb]<\/p>\n<h3>D\u00e9claration des droits pour les femmes et les sages-femmes <\/h3>\n<p>[\/et_pb_text][et_pb_text _builder_version=\u00a0\u00bb4.22.1&Prime; _module_preset=\u00a0\u00bbdefault\u00a0\u00bb text_font=\u00a0\u00bb|300|||||||\u00a0\u00bb text_font_size=\u00a0\u00bb18px\u00a0\u00bb global_colors_info=\u00a0\u00bb{}\u00a0\u00bb]<\/p>\n<p>La <span style=\"text-decoration: underline; color: #ff9900;\"><a href=\"https:\/\/www.internationalmidwives.org\" target=\"_blank\" rel=\"noopener\" style=\"color: #ff9900; text-decoration: underline;\">Conf\u00e9d\u00e9ration internationale des sages-femmes<\/a><\/span> appelle les gouvernements du monde entier \u00e0 reconna\u00eetre et \u00e0 soutenir la pratique sage-femme accessibles et efficaces en tant que droit humain fondamental de toutes les femmes, de tous les b\u00e9b\u00e9s et de toutes les sages-femmes.<br \/>Les questions relatives \u00e0 l&rsquo;\u00e9quit\u00e9 entre les sexes et \u00e0 l&rsquo;acc\u00e8s \u00e0 l&rsquo;\u00e9ducation s&rsquo;appliquent \u00e9galement aux sages-femmes en tant que profession domin\u00e9e par les femmes. La Charte des droits des femmes et des sages-femmes aborde les droits humains fondamentaux des femmes et des sages-femmes qui ont \u00e9t\u00e9 syst\u00e9matiquement bafou\u00e9s et ajoute un autre cadre pour approcher les gouvernements lorsqu&rsquo;ils exigent des changements pour am\u00e9liorer la profession de sage-femme et les services de maternit\u00e9.<\/p>\n<p>[\/et_pb_text][et_pb_button button_url=\u00a0\u00bbhttps:\/\/www.internationalmidwives.org\/our-work\/policy-and-practice\/assets\/files\/definitions-files\/2018\/06\/eng-bill_of_rights.pdf\u00a0\u00bb url_new_window=\u00a0\u00bbon\u00a0\u00bb button_text=\u00a0\u00bbPlus d&apos;informations ici\u00a0\u00bb _builder_version=\u00a0\u00bb4.21.2&Prime; _module_preset=\u00a0\u00bbe42632bc-3383-472b-aec1-103186fc5dcb\u00a0\u00bb custom_margin=\u00a0\u00bb20px||||false|false\u00a0\u00bb global_colors_info=\u00a0\u00bb{}\u00a0\u00bb][\/et_pb_button][\/et_pb_column][\/et_pb_row][et_pb_row _builder_version=\u00a0\u00bb4.21.2&Prime; _module_preset=\u00a0\u00bb1c8379a1-0d9e-4ba5-8e0e-7f0389cda43f\u00a0\u00bb global_colors_info=\u00a0\u00bb{}\u00a0\u00bb][et_pb_column type=\u00a0\u00bb4_4&Prime; _builder_version=\u00a0\u00bb4.21.0&Prime; _module_preset=\u00a0\u00bbdefault\u00a0\u00bb global_colors_info=\u00a0\u00bb{}\u00a0\u00bb][et_pb_text _builder_version=\u00a0\u00bb4.21.0&Prime; _module_preset=\u00a0\u00bbdefault\u00a0\u00bb custom_margin=\u00a0\u00bb||10px||false|false\u00a0\u00bb custom_padding=\u00a0\u00bb||0px||false|false\u00a0\u00bb global_colors_info=\u00a0\u00bb{}\u00a0\u00bb]<\/p>\n<h3>Code international de d\u00e9ontologie pour les sages-femmes<\/h3>\n<p>[\/et_pb_text][et_pb_text _builder_version=\u00a0\u00bb4.21.0&Prime; _module_preset=\u00a0\u00bbdefault\u00a0\u00bb text_font=\u00a0\u00bb|300|||||||\u00a0\u00bb text_font_size=\u00a0\u00bb18px\u00a0\u00bb global_colors_info=\u00a0\u00bb{}\u00a0\u00bb]<\/p>\n<p>Le code traite des mandats \u00e9thiques de la sage-femme, conform\u00e9ment \u00e0 la Mission, \u00e0 la d\u00e9finition internationale de la sage-femme et aux normes de l&rsquo;ICM, afin de promouvoir la sant\u00e9 et le bien-\u00eatre des femmes et des nouveau-n\u00e9s au sein de leur famille et de leur communaut\u00e9. Ces soins peuvent englober le cycle de vie reproductif de la femme, depuis le stade de la pr\u00e9-grossesse jusqu&rsquo;\u00e0 la m\u00e9nopause et la fin de vie. Ces mandats comprennent la mani\u00e8re dont les sages-femmes se comportent avec les autres, la mani\u00e8re dont elles exercent la profession de sage-femme, la mani\u00e8re dont elles assument leurs responsabilit\u00e9s et leurs devoirs professionnels et la mani\u00e8re dont elles doivent travailler pour garantir l&rsquo;int\u00e9grit\u00e9 de la profession de sage-femme.<\/p>\n<p>[\/et_pb_text][et_pb_button button_url=\u00a0\u00bbhttps:\/\/www.internationalmidwives.org\/our-work\/policy-and-practice\/assets\/files\/definitions-files\/2018\/06\/eng-international-code-of-ethics-for-midwives.pdf\u00a0\u00bb url_new_window=\u00a0\u00bbon\u00a0\u00bb button_text=\u00a0\u00bbPlus d&apos;informations ici\u00a0\u00bb _builder_version=\u00a0\u00bb4.21.2&Prime; _module_preset=\u00a0\u00bbe42632bc-3383-472b-aec1-103186fc5dcb\u00a0\u00bb custom_margin=\u00a0\u00bb20px||||false|false\u00a0\u00bb global_colors_info=\u00a0\u00bb{}\u00a0\u00bb][\/et_pb_button][\/et_pb_column][\/et_pb_row][et_pb_row _builder_version=\u00a0\u00bb4.21.2&Prime; _module_preset=\u00a0\u00bb1c8379a1-0d9e-4ba5-8e0e-7f0389cda43f\u00a0\u00bb global_colors_info=\u00a0\u00bb{}\u00a0\u00bb][et_pb_column type=\u00a0\u00bb4_4&Prime; _builder_version=\u00a0\u00bb4.21.0&Prime; _module_preset=\u00a0\u00bbdefault\u00a0\u00bb global_colors_info=\u00a0\u00bb{}\u00a0\u00bb][et_pb_text _builder_version=\u00a0\u00bb4.21.0&Prime; _module_preset=\u00a0\u00bbdefault\u00a0\u00bb custom_margin=\u00a0\u00bb||10px||false|false\u00a0\u00bb custom_padding=\u00a0\u00bb||0px||false|false\u00a0\u00bb global_colors_info=\u00a0\u00bb{}\u00a0\u00bb]<\/p>\n<h3>La pratique sage-femme en belgique telle que d\u00e9finie par le profil professionnel et de comp\u00e9tences de la sage-femme belge<\/h3>\n<p>[\/et_pb_text][et_pb_text _builder_version=\u00a0\u00bb4.22.1&Prime; _module_preset=\u00a0\u00bbdefault\u00a0\u00bb text_font=\u00a0\u00bb|300|||||||\u00a0\u00bb text_font_size=\u00a0\u00bb18px\u00a0\u00bb global_colors_info=\u00a0\u00bb{}\u00a0\u00bb]<\/p>\n<p>Dans nos syste\u0300mes de soins de sante\u0301, la sage-femme est le professionnel des soins de sante\u0301 qui exerce l\u2019art de la mai\u0308eutique (medisch verloskundige zorg). La sage-femme prend en charge la femme durant la pre\u0301conception, la grossesse, le travail l\u2019accouchement, le post-partum et la petite enfance lors du processus reproductif et p\u00e9rinatal qui se d\u00e9roule de fa\u00e7on normale.<\/p>\n<p>Elle re\u0301alise de fac\u0327on autonome une de\u0301marche clinique et des actes obste\u0301tricaux, pratique l\u2019accouchement et prescrit les analyses ne\u0301cessaires et les me\u0301dicaments. La sage-femme promeut, soutient et accompagne l\u2019allaitement maternel.<\/p>\n<p>La sage-femme de\u0301tecte les risques physiques, sociaux et\/ou mentaux e\u0301ventuels chez la me\u0300re et l\u2019enfant et l\u2019\/les adresse si ne\u0301cessaire vers un me\u0301decin ou un autre professionnel des soins de sante\u0301. Dans les cas urgents, elle re\u0301alise les actes me\u0301dicaux ne\u0301cessaires dans l\u2019attente d\u2019une aide me\u0301dicale spe\u0301cialise\u0301e.<\/p>\n<p>En cas de pathologie, la sage-femme intervient en collaboration avec un me\u0301decin et sous sa responsabilite\u0301.<\/p>\n<p>La sage-femme est compe\u0301tente pour effectuer tous les actes ne\u0301cessaires a\u0300 l\u2019exercice de sa profession, dans toutes les structures ou\u0300 son expertise est requise.<\/p>\n<p><span>Pour plus d\u2019informations sur vos droits pendant la grossesse et l\u2019accouchement, vous pouvez suivre ce lien qui vous donnera de l\u2019information sur les diff\u00e9rents parcours de soins pendant la grossesse, les recommandations r\u00e9centes de bonne pratique et les informations l\u00e9gislatives par rapport aux droits du patient.e.s.<\/span><\/p>\n<p>[\/et_pb_text][et_pb_button button_url=\u00a0\u00bbhttps:\/\/www.naissancerespectee.be\/mes-droits\/\u00a0\u00bb url_new_window=\u00a0\u00bbon\u00a0\u00bb button_text=\u00a0\u00bbPlus d&apos;informations ici\u00a0\u00bb _builder_version=\u00a0\u00bb4.22.1&Prime; _module_preset=\u00a0\u00bbe42632bc-3383-472b-aec1-103186fc5dcb\u00a0\u00bb custom_margin=\u00a0\u00bb20px||||false|false\u00a0\u00bb locked=\u00a0\u00bboff\u00a0\u00bb global_colors_info=\u00a0\u00bb{}\u00a0\u00bb][\/et_pb_button][\/et_pb_column][\/et_pb_row][\/et_pb_section][et_pb_section fb_built=\u00a0\u00bb1&Prime; fullwidth=\u00a0\u00bbon\u00a0\u00bb _builder_version=\u00a0\u00bb4.21.0&Prime; _module_preset=\u00a0\u00bbdefault\u00a0\u00bb global_colors_info=\u00a0\u00bb{}\u00a0\u00bb][et_pb_fullwidth_image src=\u00a0\u00bbhttps:\/\/belgianmidwivesassociation.be\/wp-content\/uploads\/2023\/07\/DSC00098-BMA-PC.jpg\u00a0\u00bb title_text=\u00a0\u00bbDSC00098-BMA-PC\u00a0\u00bb _builder_version=\u00a0\u00bb4.21.0&Prime; _module_preset=\u00a0\u00bbdefault\u00a0\u00bb global_colors_info=\u00a0\u00bb{}\u00a0\u00bb][\/et_pb_fullwidth_image][\/et_pb_section]<\/p>\n","protected":false},"excerpt":{"rendered":"<p>\u2022 Qui sommes nousNaissance du BMAL&rsquo;\u00e9quipe de l&rsquo;Association belge des sages-femmes, Bruxelles 2008Les sages-femmes belges travaillent conjointement depuis de nombreuses ann\u00e9es! D\u00e8s 1995, elles collaborent d\u2019abord au sein du Comit\u00e9 Consultatif des Sages-femmes Belges puis au Conseil F\u00e9d\u00e9ral. C\u2019est en 2008 qu\u2019elles d\u00e9cident d\u2019unir leurs forces au niveau associatif afin d\u2019am\u00e9liorer leur visibilit\u00e9 sur la [&hellip;]<\/p>\n","protected":false},"author":1,"featured_media":0,"parent":0,"menu_order":0,"comment_status":"closed","ping_status":"closed","template":"","meta":{"_et_pb_use_builder":"on","_et_pb_old_content":"","_et_gb_content_width":"","footnotes":""},"class_list":["post-1335","page","type-page","status-publish","hentry"],"yoast_head":"<!-- This site is optimized with the Yoast SEO plugin v25.7 - https:\/\/yoast.com\/wordpress\/plugins\/seo\/ -->\n<title>Qui sommes nous &#8211; Belgian Midwives Association<\/title>\n<meta name=\"robots\" content=\"index, follow, max-snippet:-1, max-image-preview:large, max-video-preview:-1\" \/>\n<link rel=\"canonical\" href=\"https:\/\/belgianmidwivesassociation.be\/fr\/qui-sommes-nous\/\" \/>\n<meta property=\"og:locale\" content=\"fr_FR\" \/>\n<meta property=\"og:type\" content=\"article\" \/>\n<meta property=\"og:title\" content=\"Qui sommes nous &#8211; Belgian Midwives Association\" \/>\n<meta property=\"og:description\" content=\"\u2022 Qui sommes nousNaissance du BMAL&#039;\u00e9quipe de l&#039;Association belge des sages-femmes, Bruxelles 2008Les sages-femmes belges travaillent conjointement depuis de nombreuses ann\u00e9es! D\u00e8s 1995, elles collaborent d\u2019abord au sein du Comit\u00e9 Consultatif des Sages-femmes Belges puis au Conseil F\u00e9d\u00e9ral. C\u2019est en 2008 qu\u2019elles d\u00e9cident d\u2019unir leurs forces au niveau associatif afin d\u2019am\u00e9liorer leur visibilit\u00e9 sur la [&hellip;]\" \/>\n<meta property=\"og:url\" content=\"https:\/\/belgianmidwivesassociation.be\/fr\/qui-sommes-nous\/\" \/>\n<meta property=\"og:site_name\" content=\"Belgian Midwives Association\" \/>\n<meta property=\"article:modified_time\" content=\"2024-02-18T13:42:26+00:00\" \/>\n<meta name=\"twitter:card\" content=\"summary_large_image\" \/>\n<meta name=\"twitter:label1\" content=\"Dur\u00e9e de lecture estim\u00e9e\" \/>\n\t<meta name=\"twitter:data1\" content=\"24 minutes\" \/>\n<script type=\"application\/ld+json\" class=\"yoast-schema-graph\">{\"@context\":\"https:\/\/schema.org\",\"@graph\":[{\"@type\":\"WebPage\",\"@id\":\"https:\/\/belgianmidwivesassociation.be\/fr\/qui-sommes-nous\/\",\"url\":\"https:\/\/belgianmidwivesassociation.be\/fr\/qui-sommes-nous\/\",\"name\":\"Qui sommes nous &#8211; Belgian Midwives Association\",\"isPartOf\":{\"@id\":\"https:\/\/belgianmidwivesassociation.be\/fr\/#website\"},\"datePublished\":\"2022-10-14T13:05:55+00:00\",\"dateModified\":\"2024-02-18T13:42:26+00:00\",\"breadcrumb\":{\"@id\":\"https:\/\/belgianmidwivesassociation.be\/fr\/qui-sommes-nous\/#breadcrumb\"},\"inLanguage\":\"fr-FR\",\"potentialAction\":[{\"@type\":\"ReadAction\",\"target\":[\"https:\/\/belgianmidwivesassociation.be\/fr\/qui-sommes-nous\/\"]}]},{\"@type\":\"BreadcrumbList\",\"@id\":\"https:\/\/belgianmidwivesassociation.be\/fr\/qui-sommes-nous\/#breadcrumb\",\"itemListElement\":[{\"@type\":\"ListItem\",\"position\":1,\"name\":\"Home\",\"item\":\"https:\/\/belgianmidwivesassociation.be\/fr\/accueil-fr\/\"},{\"@type\":\"ListItem\",\"position\":2,\"name\":\"Qui sommes nous\"}]},{\"@type\":\"WebSite\",\"@id\":\"https:\/\/belgianmidwivesassociation.be\/fr\/#website\",\"url\":\"https:\/\/belgianmidwivesassociation.be\/fr\/\",\"name\":\"Belgian Midwives Association\",\"description\":\"\",\"publisher\":{\"@id\":\"https:\/\/belgianmidwivesassociation.be\/fr\/#organization\"},\"potentialAction\":[{\"@type\":\"SearchAction\",\"target\":{\"@type\":\"EntryPoint\",\"urlTemplate\":\"https:\/\/belgianmidwivesassociation.be\/fr\/?s={search_term_string}\"},\"query-input\":{\"@type\":\"PropertyValueSpecification\",\"valueRequired\":true,\"valueName\":\"search_term_string\"}}],\"inLanguage\":\"fr-FR\"},{\"@type\":\"Organization\",\"@id\":\"https:\/\/belgianmidwivesassociation.be\/fr\/#organization\",\"name\":\"Belgian Midwives Association\",\"url\":\"https:\/\/belgianmidwivesassociation.be\/fr\/\",\"logo\":{\"@type\":\"ImageObject\",\"inLanguage\":\"fr-FR\",\"@id\":\"https:\/\/belgianmidwivesassociation.be\/fr\/#\/schema\/logo\/image\/\",\"url\":\"https:\/\/belgianmidwivesassociation.be\/wp-content\/uploads\/2022\/12\/BMA_Logo_Color_0809_cropped.png\",\"contentUrl\":\"https:\/\/belgianmidwivesassociation.be\/wp-content\/uploads\/2022\/12\/BMA_Logo_Color_0809_cropped.png\",\"width\":3598,\"height\":1439,\"caption\":\"Belgian Midwives Association\"},\"image\":{\"@id\":\"https:\/\/belgianmidwivesassociation.be\/fr\/#\/schema\/logo\/image\/\"}}]}<\/script>\n<!-- \/ Yoast SEO plugin. -->","yoast_head_json":{"title":"Qui sommes nous &#8211; Belgian Midwives Association","robots":{"index":"index","follow":"follow","max-snippet":"max-snippet:-1","max-image-preview":"max-image-preview:large","max-video-preview":"max-video-preview:-1"},"canonical":"https:\/\/belgianmidwivesassociation.be\/fr\/qui-sommes-nous\/","og_locale":"fr_FR","og_type":"article","og_title":"Qui sommes nous &#8211; Belgian Midwives Association","og_description":"\u2022 Qui sommes nousNaissance du BMAL'\u00e9quipe de l'Association belge des sages-femmes, Bruxelles 2008Les sages-femmes belges travaillent conjointement depuis de nombreuses ann\u00e9es! D\u00e8s 1995, elles collaborent d\u2019abord au sein du Comit\u00e9 Consultatif des Sages-femmes Belges puis au Conseil F\u00e9d\u00e9ral. C\u2019est en 2008 qu\u2019elles d\u00e9cident d\u2019unir leurs forces au niveau associatif afin d\u2019am\u00e9liorer leur visibilit\u00e9 sur la [&hellip;]","og_url":"https:\/\/belgianmidwivesassociation.be\/fr\/qui-sommes-nous\/","og_site_name":"Belgian Midwives Association","article_modified_time":"2024-02-18T13:42:26+00:00","twitter_card":"summary_large_image","twitter_misc":{"Dur\u00e9e de lecture estim\u00e9e":"24 minutes"},"schema":{"@context":"https:\/\/schema.org","@graph":[{"@type":"WebPage","@id":"https:\/\/belgianmidwivesassociation.be\/fr\/qui-sommes-nous\/","url":"https:\/\/belgianmidwivesassociation.be\/fr\/qui-sommes-nous\/","name":"Qui sommes nous &#8211; Belgian Midwives Association","isPartOf":{"@id":"https:\/\/belgianmidwivesassociation.be\/fr\/#website"},"datePublished":"2022-10-14T13:05:55+00:00","dateModified":"2024-02-18T13:42:26+00:00","breadcrumb":{"@id":"https:\/\/belgianmidwivesassociation.be\/fr\/qui-sommes-nous\/#breadcrumb"},"inLanguage":"fr-FR","potentialAction":[{"@type":"ReadAction","target":["https:\/\/belgianmidwivesassociation.be\/fr\/qui-sommes-nous\/"]}]},{"@type":"BreadcrumbList","@id":"https:\/\/belgianmidwivesassociation.be\/fr\/qui-sommes-nous\/#breadcrumb","itemListElement":[{"@type":"ListItem","position":1,"name":"Home","item":"https:\/\/belgianmidwivesassociation.be\/fr\/accueil-fr\/"},{"@type":"ListItem","position":2,"name":"Qui sommes nous"}]},{"@type":"WebSite","@id":"https:\/\/belgianmidwivesassociation.be\/fr\/#website","url":"https:\/\/belgianmidwivesassociation.be\/fr\/","name":"Belgian Midwives Association","description":"","publisher":{"@id":"https:\/\/belgianmidwivesassociation.be\/fr\/#organization"},"potentialAction":[{"@type":"SearchAction","target":{"@type":"EntryPoint","urlTemplate":"https:\/\/belgianmidwivesassociation.be\/fr\/?s={search_term_string}"},"query-input":{"@type":"PropertyValueSpecification","valueRequired":true,"valueName":"search_term_string"}}],"inLanguage":"fr-FR"},{"@type":"Organization","@id":"https:\/\/belgianmidwivesassociation.be\/fr\/#organization","name":"Belgian Midwives Association","url":"https:\/\/belgianmidwivesassociation.be\/fr\/","logo":{"@type":"ImageObject","inLanguage":"fr-FR","@id":"https:\/\/belgianmidwivesassociation.be\/fr\/#\/schema\/logo\/image\/","url":"https:\/\/belgianmidwivesassociation.be\/wp-content\/uploads\/2022\/12\/BMA_Logo_Color_0809_cropped.png","contentUrl":"https:\/\/belgianmidwivesassociation.be\/wp-content\/uploads\/2022\/12\/BMA_Logo_Color_0809_cropped.png","width":3598,"height":1439,"caption":"Belgian Midwives Association"},"image":{"@id":"https:\/\/belgianmidwivesassociation.be\/fr\/#\/schema\/logo\/image\/"}}]}},"_links":{"self":[{"href":"https:\/\/belgianmidwivesassociation.be\/fr\/wp-json\/wp\/v2\/pages\/1335","targetHints":{"allow":["GET"]}}],"collection":[{"href":"https:\/\/belgianmidwivesassociation.be\/fr\/wp-json\/wp\/v2\/pages"}],"about":[{"href":"https:\/\/belgianmidwivesassociation.be\/fr\/wp-json\/wp\/v2\/types\/page"}],"author":[{"embeddable":true,"href":"https:\/\/belgianmidwivesassociation.be\/fr\/wp-json\/wp\/v2\/users\/1"}],"replies":[{"embeddable":true,"href":"https:\/\/belgianmidwivesassociation.be\/fr\/wp-json\/wp\/v2\/comments?post=1335"}],"version-history":[{"count":21,"href":"https:\/\/belgianmidwivesassociation.be\/fr\/wp-json\/wp\/v2\/pages\/1335\/revisions"}],"predecessor-version":[{"id":1652,"href":"https:\/\/belgianmidwivesassociation.be\/fr\/wp-json\/wp\/v2\/pages\/1335\/revisions\/1652"}],"wp:attachment":[{"href":"https:\/\/belgianmidwivesassociation.be\/fr\/wp-json\/wp\/v2\/media?parent=1335"}],"curies":[{"name":"wp","href":"https:\/\/api.w.org\/{rel}","templated":true}]}}